{"id":12112,"date":"2026-04-27T08:08:32","date_gmt":"2026-04-27T08:08:32","guid":{"rendered":"https:\/\/www.danubia.com\/?page_id=12112"},"modified":"2026-04-27T08:17:05","modified_gmt":"2026-04-27T08:17:05","slug":"szell-eszter","status":"publish","type":"page","link":"https:\/\/www.danubia.com\/hu\/munkatarsaink\/szell-eszter\/","title":{"rendered":"Sz\u00e9ll Eszter"},"content":{"rendered":"<p>[et_pb_section fb_built=&#8221;1&#8243; specialty=&#8221;on&#8221; _builder_version=&#8221;4.16&#8243; inner_max_width=&#8221;none&#8221; global_colors_info=&#8221;{}&#8221;][et_pb_column type=&#8221;1_4&#8243; _builder_version=&#8221;4.16&#8243; custom_padding=&#8221;|||&#8221; global_colors_info=&#8221;{}&#8221; custom_padding__hover=&#8221;|||&#8221;][et_pb_image src=&#8221;https:\/\/www.danubia.com\/wp-content\/uploads\/2026\/04\/szell-eszter.jpg&#8221; alt=&#8221;Carroy Anna&#8221; title_text=&#8221;szell-eszter&#8221; align_tablet=&#8221;center&#8221; align_phone=&#8221;&#8221; align_last_edited=&#8221;on|desktop&#8221; _builder_version=&#8221;4.27.5&#8243; custom_margin=&#8221;||0px|&#8221; custom_padding=&#8221;||15px|&#8221; animation_style=&#8221;fade&#8221; z_index_tablet=&#8221;500&#8243; global_colors_info=&#8221;{}&#8221;][\/et_pb_image][et_pb_text _builder_version=&#8221;4.27.5&#8243; text_font_size=&#8221;14px&#8221; custom_margin=&#8221;||0px|&#8221; custom_padding=&#8221;||15px|&#8221; z_index_tablet=&#8221;500&#8243; global_colors_info=&#8221;{}&#8221;]<strong>(+36 1) 411 8766<\/strong><br \/>\n<strong><a href=\"mailto:eszter.szell@danubia.hu\">eszter.szell@danubia.hu<\/a><\/strong>[\/et_pb_text][et_pb_image src=&#8221;https:\/\/www.danubia.com\/wp-content\/uploads\/2020\/01\/LinkedIn-logo.png&#8221; url=&#8221;https:\/\/www.linkedin.com\/company\/danubia-patent-and-law-office-llc\/&#8221; url_new_window=&#8221;on&#8221; admin_label=&#8221;LinkedIn&#8221; _builder_version=&#8221;4.16&#8243; max_width=&#8221;30px&#8221; module_alignment=&#8221;left&#8221; global_colors_info=&#8221;{}&#8221;][\/et_pb_image][\/et_pb_column][et_pb_column type=&#8221;3_4&#8243; specialty_columns=&#8221;3&#8243; _builder_version=&#8221;4.16&#8243; custom_padding=&#8221;|||&#8221; global_colors_info=&#8221;{}&#8221; custom_padding__hover=&#8221;|||&#8221;][et_pb_row_inner admin_label=&#8221;Sor&#8221; _builder_version=&#8221;4.16&#8243; global_colors_info=&#8221;{}&#8221;][et_pb_column_inner saved_specialty_column_type=&#8221;3_4&#8243; _builder_version=&#8221;4.16&#8243; custom_padding=&#8221;|||&#8221; global_colors_info=&#8221;{}&#8221; custom_padding__hover=&#8221;|||&#8221;][et_pb_text admin_label=&#8221;N\u00e9v&#8221; _builder_version=&#8221;4.27.5&#8243; text_font=&#8221;Raleway|700||on|||||&#8221; text_text_color=&#8221;#a6192e&#8221; text_font_size=&#8221;36px&#8221; header_font=&#8221;Raleway|700||on|||||&#8221; header_text_align=&#8221;center&#8221; header_text_color=&#8221;#ffffff&#8221; header_font_size=&#8221;50px&#8221; header_line_height=&#8221;1.4em&#8221; custom_margin=&#8221;||0px|&#8221; custom_padding=&#8221;0px||15px|||&#8221; text_font_size_tablet=&#8221;30px&#8221; text_font_size_phone=&#8221;22px&#8221; text_font_size_last_edited=&#8221;on|desktop&#8221; header_font_size_tablet=&#8221;30px&#8221; header_font_size_phone=&#8221;22px&#8221; header_font_size_last_edited=&#8221;on|desktop&#8221; z_index_tablet=&#8221;500&#8243; global_colors_info=&#8221;{}&#8221;]Sz\u00e9ll Eszter[\/et_pb_text][et_pb_text admin_label=&#8221;poz\u00edci\u00f3&#8221; _builder_version=&#8221;4.27.5&#8243; text_font=&#8221;Raleway|700|||||||&#8221; text_text_color=&#8221;#63666a&#8221; text_font_size=&#8221;18px&#8221; custom_margin=&#8221;||0px|&#8221; custom_padding=&#8221;||10px|&#8221; text_font_size_tablet=&#8221;20px&#8221; text_font_size_phone=&#8221;&#8221; text_font_size_last_edited=&#8221;on|desktop&#8221; z_index_tablet=&#8221;500&#8243; global_colors_info=&#8221;{}&#8221;]IP \u00e9rt\u00e9kel\u00e9si \u00e9s kezel\u00e9si tan\u00e1csad\u00f3<br \/>\nokl. k\u00f6zgazd\u00e1sz[\/et_pb_text][et_pb_divider divider_position=&#8221;center&#8221; divider_weight=&#8221;3&#8243; _builder_version=&#8221;4.16&#8243; max_width=&#8221;50px&#8221; module_alignment=&#8221;left&#8221; height=&#8221;0px&#8221; animation_style=&#8221;zoom&#8221; z_index_tablet=&#8221;500&#8243; global_colors_info=&#8221;{}&#8221;][\/et_pb_divider][et_pb_text admin_label=&#8221;Le\u00edr\u00e1s&#8221; _builder_version=&#8221;4.27.5&#8243; text_orientation=&#8221;justified&#8221; z_index_tablet=&#8221;500&#8243; global_colors_info=&#8221;{}&#8221;]Eszter a szellemi tulajdon menedzsment k\u00fcl\u00f6nb\u00f6z\u0151 ter\u00fcletein ny\u00fajt t\u00e1mogat\u00e1st a DANUBIA C\u00e9gcsoport \u00fcgyfelei sz\u00e1m\u00e1ra. R\u00e9szt vesz szellemitulajdon-\u00e9rt\u00e9kel\u00e9si projektekben \u00e9s a Nemzeti Kutat\u00e1si, Fejleszt\u00e9si \u00e9s Innov\u00e1ci\u00f3s Hivataln\u00e1l t\u00f6rt\u00e9n\u0151 K+F min\u0151s\u00edt\u00e9si elj\u00e1r\u00e1sok lebonyol\u00edt\u00e1s\u00e1ban.<br \/>\n\u00a0<br \/>\nA Danubia Szabadalmi \u00e9s Jogi Irod\u00e1hoz 2024 szeptember\u00e9ben csatlakozott, majd 2025 m\u00e1jus\u00e1ban k\u00f6z\u00e9pfok\u00fa iparjogv\u00e9delmi szakk\u00e9pes\u00edt\u00e9st szerzett a Szellemi Tulajdon Nemzeti Hivatala el\u0151tt.<br \/>\n\u00a0<br \/>\nAlapdiplom\u00e1j\u00e1t 2024-ben a Budapesti M\u0171szaki \u00e9s Gazdas\u00e1gtudom\u00e1nyi Egyetemen szerezte nemzetk\u00f6zi gazd\u00e1lkod\u00e1s szakon, 2025 szeptembere \u00f3ta pedig a Budapesti Gazdas\u00e1gtudom\u00e1nyi Egyetem v\u00e1llalkoz\u00e1sfejleszt\u00e9s mesterszakos hallgat\u00f3ja.<\/p>\n<p><span style=\"color: #a6192e;\"><strong>Nyelvtud\u00e1s:<\/strong><\/span><br \/>\nangol<br \/>\nn\u00e9met[\/et_pb_text][\/et_pb_column_inner][\/et_pb_row_inner][et_pb_row_inner admin_label=&#8221;Sor&#8221; _builder_version=&#8221;4.27.5&#8243; global_colors_info=&#8221;{}&#8221;][et_pb_column_inner saved_specialty_column_type=&#8221;3_4&#8243; _builder_version=&#8221;4.16&#8243; custom_padding=&#8221;|||&#8221; global_colors_info=&#8221;{}&#8221; custom_padding__hover=&#8221;|||&#8221;][et_pb_text admin_label=&#8221;F\u0151bb szakter\u00fcletek&#8221; _builder_version=&#8221;4.27.5&#8243; text_font=&#8221;Raleway|700|||||||&#8221; text_text_color=&#8221;#a6192e&#8221; z_index_tablet=&#8221;500&#8243; global_colors_info=&#8221;{}&#8221;]Szakmai tags\u00e1gok[\/et_pb_text][et_pb_text admin_label=&#8221;F\u0151bb szakter\u00fcletek felsorol\u00e1s&#8221; _builder_version=&#8221;4.27.5&#8243; hover_enabled=&#8221;0&#8243; z_index_tablet=&#8221;500&#8243; global_colors_info=&#8221;{}&#8221; sticky_enabled=&#8221;0&#8243;]<span style=\"color: #a6192e;\">\u00bb <\/span> LES Magyarorsz\u00e1g Egyes\u00fclet[\/et_pb_text][\/et_pb_column_inner][\/et_pb_row_inner][\/et_pb_column][\/et_pb_section]<\/p>\n","protected":false},"excerpt":{"rendered":"<p>(+36 1) 411 8766 eszter.szell@danubia.huSz\u00e9ll EszterIP \u00e9rt\u00e9kel\u00e9si \u00e9s kezel\u00e9si tan\u00e1csad\u00f3 okl. k\u00f6zgazd\u00e1szEszter a szellemi tulajdon menedzsment k\u00fcl\u00f6nb\u00f6z\u0151 ter\u00fcletein ny\u00fajt t\u00e1mogat\u00e1st a DANUBIA C\u00e9gcsoport \u00fcgyfelei sz\u00e1m\u00e1ra. R\u00e9szt vesz szellemitulajdon-\u00e9rt\u00e9kel\u00e9si projektekben \u00e9s a Nemzeti Kutat\u00e1si, Fejleszt\u00e9si \u00e9s Innov\u00e1ci\u00f3s Hivataln\u00e1l t\u00f6rt\u00e9n\u0151 K+F min\u0151s\u00edt\u00e9si elj\u00e1r\u00e1sok lebonyol\u00edt\u00e1s\u00e1ban. \u00a0 A Danubia Szabadalmi \u00e9s Jogi Irod\u00e1hoz 2024 szeptember\u00e9ben csatlakozott, majd 2025 m\u00e1jus\u00e1ban [&hellip;]<\/p>\n","protected":false},"author":17,"featured_media":0,"parent":922,"menu_order":0,"comment_status":"closed","ping_status":"closed","template":"","meta":{"_et_pb_use_builder":"on","_et_pb_old_content":"","_et_gb_content_width":"","footnotes":""},"class_list":["post-12112","page","type-page","status-publish","hentry"],"yoast_head":"<!-- This site is optimized with the Yoast SEO plugin v27.3 - https:\/\/yoast.com\/product\/yoast-seo-wordpress\/ -->\n<title>Sz\u00e9ll Eszter - Danubia<\/title>\n<meta name=\"robots\" content=\"index, follow, max-snippet:-1, max-image-preview:large, max-video-preview:-1\" \/>\n<link rel=\"canonical\" href=\"https:\/\/www.danubia.com\/hu\/munkatarsaink\/szell-eszter\/\" \/>\n<meta property=\"og:locale\" content=\"hu_HU\" \/>\n<meta property=\"og:type\" content=\"article\" \/>\n<meta property=\"og:title\" content=\"Sz\u00e9ll Eszter - Danubia\" \/>\n<meta property=\"og:description\" content=\"(+36 1) 411 8766 eszter.szell@danubia.huSz\u00e9ll EszterIP \u00e9rt\u00e9kel\u00e9si \u00e9s kezel\u00e9si tan\u00e1csad\u00f3 okl. k\u00f6zgazd\u00e1szEszter a szellemi tulajdon menedzsment k\u00fcl\u00f6nb\u00f6z\u0151 ter\u00fcletein ny\u00fajt t\u00e1mogat\u00e1st a DANUBIA C\u00e9gcsoport \u00fcgyfelei sz\u00e1m\u00e1ra. R\u00e9szt vesz szellemitulajdon-\u00e9rt\u00e9kel\u00e9si projektekben \u00e9s a Nemzeti Kutat\u00e1si, Fejleszt\u00e9si \u00e9s Innov\u00e1ci\u00f3s Hivataln\u00e1l t\u00f6rt\u00e9n\u0151 K+F min\u0151s\u00edt\u00e9si elj\u00e1r\u00e1sok lebonyol\u00edt\u00e1s\u00e1ban. \u00a0 A Danubia Szabadalmi \u00e9s Jogi Irod\u00e1hoz 2024 szeptember\u00e9ben csatlakozott, majd 2025 m\u00e1jus\u00e1ban [&hellip;]\" \/>\n<meta property=\"og:url\" content=\"https:\/\/www.danubia.com\/hu\/munkatarsaink\/szell-eszter\/\" \/>\n<meta property=\"og:site_name\" content=\"Danubia\" \/>\n<meta property=\"article:modified_time\" content=\"2026-04-27T08:17:05+00:00\" \/>\n<meta property=\"og:image\" content=\"https:\/\/www.danubia.com\/wp-content\/uploads\/2019\/11\/Danubia-og-hu.jpg\" \/>\n\t<meta property=\"og:image:width\" content=\"1125\" \/>\n\t<meta property=\"og:image:height\" content=\"633\" \/>\n\t<meta property=\"og:image:type\" content=\"image\/jpeg\" \/>\n<meta name=\"twitter:card\" content=\"summary_large_image\" \/>\n<meta name=\"twitter:label1\" content=\"Becs\u00fclt olvas\u00e1si id\u0151\" \/>\n\t<meta name=\"twitter:data1\" content=\"1 perc\" \/>\n<script type=\"application\/ld+json\" class=\"yoast-schema-graph\">{\"@context\":\"https:\\\/\\\/schema.org\",\"@graph\":[{\"@type\":\"WebPage\",\"@id\":\"https:\\\/\\\/www.danubia.com\\\/hu\\\/munkatarsaink\\\/szell-eszter\\\/\",\"url\":\"https:\\\/\\\/www.danubia.com\\\/hu\\\/munkatarsaink\\\/szell-eszter\\\/\",\"name\":\"Sz\u00e9ll Eszter - Danubia\",\"isPartOf\":{\"@id\":\"https:\\\/\\\/www.danubia.com\\\/#website\"},\"datePublished\":\"2026-04-27T08:08:32+00:00\",\"dateModified\":\"2026-04-27T08:17:05+00:00\",\"breadcrumb\":{\"@id\":\"https:\\\/\\\/www.danubia.com\\\/hu\\\/munkatarsaink\\\/szell-eszter\\\/#breadcrumb\"},\"inLanguage\":\"hu\",\"potentialAction\":[{\"@type\":\"ReadAction\",\"target\":[\"https:\\\/\\\/www.danubia.com\\\/hu\\\/munkatarsaink\\\/szell-eszter\\\/\"]}]},{\"@type\":\"BreadcrumbList\",\"@id\":\"https:\\\/\\\/www.danubia.com\\\/hu\\\/munkatarsaink\\\/szell-eszter\\\/#breadcrumb\",\"itemListElement\":[{\"@type\":\"ListItem\",\"position\":1,\"name\":\"Home\",\"item\":\"https:\\\/\\\/www.danubia.com\\\/hu\\\/\"},{\"@type\":\"ListItem\",\"position\":2,\"name\":\"Munkat\u00e1rsaink\",\"item\":\"https:\\\/\\\/www.danubia.com\\\/hu\\\/munkatarsaink\\\/\"},{\"@type\":\"ListItem\",\"position\":3,\"name\":\"Sz\u00e9ll Eszter\"}]},{\"@type\":\"WebSite\",\"@id\":\"https:\\\/\\\/www.danubia.com\\\/#website\",\"url\":\"https:\\\/\\\/www.danubia.com\\\/\",\"name\":\"Danubia\",\"description\":\"\",\"potentialAction\":[{\"@type\":\"SearchAction\",\"target\":{\"@type\":\"EntryPoint\",\"urlTemplate\":\"https:\\\/\\\/www.danubia.com\\\/?s={search_term_string}\"},\"query-input\":{\"@type\":\"PropertyValueSpecification\",\"valueRequired\":true,\"valueName\":\"search_term_string\"}}],\"inLanguage\":\"hu\"}]}<\/script>\n<!-- \/ Yoast SEO plugin. -->","yoast_head_json":{"title":"Sz\u00e9ll Eszter - Danubia","robots":{"index":"index","follow":"follow","max-snippet":"max-snippet:-1","max-image-preview":"max-image-preview:large","max-video-preview":"max-video-preview:-1"},"canonical":"https:\/\/www.danubia.com\/hu\/munkatarsaink\/szell-eszter\/","og_locale":"hu_HU","og_type":"article","og_title":"Sz\u00e9ll Eszter - Danubia","og_description":"(+36 1) 411 8766 eszter.szell@danubia.huSz\u00e9ll EszterIP \u00e9rt\u00e9kel\u00e9si \u00e9s kezel\u00e9si tan\u00e1csad\u00f3 okl. k\u00f6zgazd\u00e1szEszter a szellemi tulajdon menedzsment k\u00fcl\u00f6nb\u00f6z\u0151 ter\u00fcletein ny\u00fajt t\u00e1mogat\u00e1st a DANUBIA C\u00e9gcsoport \u00fcgyfelei sz\u00e1m\u00e1ra. R\u00e9szt vesz szellemitulajdon-\u00e9rt\u00e9kel\u00e9si projektekben \u00e9s a Nemzeti Kutat\u00e1si, Fejleszt\u00e9si \u00e9s Innov\u00e1ci\u00f3s Hivataln\u00e1l t\u00f6rt\u00e9n\u0151 K+F min\u0151s\u00edt\u00e9si elj\u00e1r\u00e1sok lebonyol\u00edt\u00e1s\u00e1ban. \u00a0 A Danubia Szabadalmi \u00e9s Jogi Irod\u00e1hoz 2024 szeptember\u00e9ben csatlakozott, majd 2025 m\u00e1jus\u00e1ban [&hellip;]","og_url":"https:\/\/www.danubia.com\/hu\/munkatarsaink\/szell-eszter\/","og_site_name":"Danubia","article_modified_time":"2026-04-27T08:17:05+00:00","og_image":[{"width":1125,"height":633,"url":"https:\/\/www.danubia.com\/wp-content\/uploads\/2019\/11\/Danubia-og-hu.jpg","type":"image\/jpeg"}],"twitter_card":"summary_large_image","twitter_misc":{"Becs\u00fclt olvas\u00e1si id\u0151":"1 perc"},"schema":{"@context":"https:\/\/schema.org","@graph":[{"@type":"WebPage","@id":"https:\/\/www.danubia.com\/hu\/munkatarsaink\/szell-eszter\/","url":"https:\/\/www.danubia.com\/hu\/munkatarsaink\/szell-eszter\/","name":"Sz\u00e9ll Eszter - Danubia","isPartOf":{"@id":"https:\/\/www.danubia.com\/#website"},"datePublished":"2026-04-27T08:08:32+00:00","dateModified":"2026-04-27T08:17:05+00:00","breadcrumb":{"@id":"https:\/\/www.danubia.com\/hu\/munkatarsaink\/szell-eszter\/#breadcrumb"},"inLanguage":"hu","potentialAction":[{"@type":"ReadAction","target":["https:\/\/www.danubia.com\/hu\/munkatarsaink\/szell-eszter\/"]}]},{"@type":"BreadcrumbList","@id":"https:\/\/www.danubia.com\/hu\/munkatarsaink\/szell-eszter\/#breadcrumb","itemListElement":[{"@type":"ListItem","position":1,"name":"Home","item":"https:\/\/www.danubia.com\/hu\/"},{"@type":"ListItem","position":2,"name":"Munkat\u00e1rsaink","item":"https:\/\/www.danubia.com\/hu\/munkatarsaink\/"},{"@type":"ListItem","position":3,"name":"Sz\u00e9ll Eszter"}]},{"@type":"WebSite","@id":"https:\/\/www.danubia.com\/#website","url":"https:\/\/www.danubia.com\/","name":"Danubia","description":"","potentialAction":[{"@type":"SearchAction","target":{"@type":"EntryPoint","urlTemplate":"https:\/\/www.danubia.com\/?s={search_term_string}"},"query-input":{"@type":"PropertyValueSpecification","valueRequired":true,"valueName":"search_term_string"}}],"inLanguage":"hu"}]}},"_links":{"self":[{"href":"https:\/\/www.danubia.com\/hu\/wp-json\/wp\/v2\/pages\/12112","targetHints":{"allow":["GET"]}}],"collection":[{"href":"https:\/\/www.danubia.com\/hu\/wp-json\/wp\/v2\/pages"}],"about":[{"href":"https:\/\/www.danubia.com\/hu\/wp-json\/wp\/v2\/types\/page"}],"author":[{"embeddable":true,"href":"https:\/\/www.danubia.com\/hu\/wp-json\/wp\/v2\/users\/17"}],"replies":[{"embeddable":true,"href":"https:\/\/www.danubia.com\/hu\/wp-json\/wp\/v2\/comments?post=12112"}],"version-history":[{"count":4,"href":"https:\/\/www.danubia.com\/hu\/wp-json\/wp\/v2\/pages\/12112\/revisions"}],"predecessor-version":[{"id":12129,"href":"https:\/\/www.danubia.com\/hu\/wp-json\/wp\/v2\/pages\/12112\/revisions\/12129"}],"up":[{"embeddable":true,"href":"https:\/\/www.danubia.com\/hu\/wp-json\/wp\/v2\/pages\/922"}],"wp:attachment":[{"href":"https:\/\/www.danubia.com\/hu\/wp-json\/wp\/v2\/media?parent=12112"}],"curies":[{"name":"wp","href":"https:\/\/api.w.org\/{rel}","templated":true}]}}