{"id":12135,"date":"2026-04-27T08:34:38","date_gmt":"2026-04-27T08:34:38","guid":{"rendered":"https:\/\/www.danubia.com\/?page_id=12135"},"modified":"2026-04-27T08:38:20","modified_gmt":"2026-04-27T08:38:20","slug":"toth-mark","status":"publish","type":"page","link":"https:\/\/www.danubia.com\/hu\/munkatarsaink\/toth-mark\/","title":{"rendered":"T\u00f3th M\u00e1rk"},"content":{"rendered":"<p>[et_pb_section fb_built=&#8221;1&#8243; specialty=&#8221;on&#8221; _builder_version=&#8221;4.16&#8243; inner_max_width=&#8221;none&#8221; global_colors_info=&#8221;{}&#8221;][et_pb_column type=&#8221;1_4&#8243; _builder_version=&#8221;4.16&#8243; custom_padding=&#8221;|||&#8221; global_colors_info=&#8221;{}&#8221; custom_padding__hover=&#8221;|||&#8221;][et_pb_image src=&#8221;https:\/\/www.danubia.com\/wp-content\/uploads\/2026\/04\/toth-mark.jpg&#8221; title_text=&#8221;toth-mark&#8221; align_tablet=&#8221;center&#8221; align_phone=&#8221;&#8221; align_last_edited=&#8221;on|desktop&#8221; _builder_version=&#8221;4.27.5&#8243; custom_margin=&#8221;||0px|&#8221; custom_padding=&#8221;||15px|&#8221; animation_style=&#8221;fade&#8221; hover_enabled=&#8221;0&#8243; z_index_tablet=&#8221;500&#8243; global_colors_info=&#8221;{}&#8221; sticky_enabled=&#8221;0&#8243;][\/et_pb_image][et_pb_text _builder_version=&#8221;4.27.5&#8243; text_font_size=&#8221;14px&#8221; custom_margin=&#8221;||0px|&#8221; custom_padding=&#8221;||15px|&#8221; hover_enabled=&#8221;0&#8243; z_index_tablet=&#8221;500&#8243; global_colors_info=&#8221;{}&#8221; disabled_on=&#8221;on|on|on&#8221; disabled=&#8221;on&#8221; sticky_enabled=&#8221;0&#8243;]<\/p>\n<p><strong>(+36 20) 949-0988<\/strong><br \/><strong><a href=\"mailto:dora.geyerhirt@danubia.hu\">dora.geyerhirt@danubia.hu<\/a><\/strong><\/p>\n<p>[\/et_pb_text][et_pb_image src=&#8221;https:\/\/www.danubia.com\/wp-content\/uploads\/2020\/01\/LinkedIn-logo.png&#8221; url=&#8221;https:\/\/www.linkedin.com\/company\/danubia-patent-and-law-office-llc\/&#8221; url_new_window=&#8221;on&#8221; admin_label=&#8221;LinkedIn&#8221; _builder_version=&#8221;4.27.5&#8243; max_width=&#8221;30px&#8221; module_alignment=&#8221;left&#8221; hover_enabled=&#8221;0&#8243; global_colors_info=&#8221;{}&#8221; sticky_enabled=&#8221;0&#8243;][\/et_pb_image][\/et_pb_column][et_pb_column type=&#8221;3_4&#8243; specialty_columns=&#8221;3&#8243; _builder_version=&#8221;4.16&#8243; custom_padding=&#8221;|||&#8221; global_colors_info=&#8221;{}&#8221; custom_padding__hover=&#8221;|||&#8221;][et_pb_row_inner admin_label=&#8221;Sor&#8221; _builder_version=&#8221;4.16&#8243; global_colors_info=&#8221;{}&#8221;][et_pb_column_inner saved_specialty_column_type=&#8221;3_4&#8243; _builder_version=&#8221;4.16&#8243; custom_padding=&#8221;|||&#8221; global_colors_info=&#8221;{}&#8221; custom_padding__hover=&#8221;|||&#8221;][et_pb_text admin_label=&#8221;N\u00e9v&#8221; _builder_version=&#8221;4.27.5&#8243; text_font=&#8221;Raleway|700||on|||||&#8221; text_text_color=&#8221;#a6192e&#8221; text_font_size=&#8221;36px&#8221; header_font=&#8221;Raleway|700||on|||||&#8221; header_text_align=&#8221;center&#8221; header_text_color=&#8221;#ffffff&#8221; header_font_size=&#8221;50px&#8221; header_line_height=&#8221;1.4em&#8221; custom_margin=&#8221;||0px|&#8221; custom_padding=&#8221;||15px|&#8221; hover_enabled=&#8221;0&#8243; text_font_size_tablet=&#8221;30px&#8221; text_font_size_phone=&#8221;22px&#8221; text_font_size_last_edited=&#8221;on|desktop&#8221; header_font_size_tablet=&#8221;30px&#8221; header_font_size_phone=&#8221;22px&#8221; header_font_size_last_edited=&#8221;on|desktop&#8221; z_index_tablet=&#8221;500&#8243; global_colors_info=&#8221;{}&#8221; sticky_enabled=&#8221;0&#8243;]T\u00f3th M\u00e1rk[\/et_pb_text][et_pb_text admin_label=&#8221;poz\u00edci\u00f3&#8221; _builder_version=&#8221;4.27.5&#8243; text_font=&#8221;Raleway|700|||||||&#8221; text_text_color=&#8221;#63666a&#8221; text_font_size=&#8221;18px&#8221; custom_margin=&#8221;||0px|&#8221; custom_padding=&#8221;||10px|&#8221; hover_enabled=&#8221;0&#8243; text_font_size_tablet=&#8221;20px&#8221; text_font_size_phone=&#8221;&#8221; text_font_size_last_edited=&#8221;on|desktop&#8221; z_index_tablet=&#8221;500&#8243; global_colors_info=&#8221;{}&#8221; sticky_enabled=&#8221;0&#8243;]magyar\u00a0szabadalmi \u00fcgyviv\u0151<br \/>\npartner<br \/>\nokl. g\u00e9p\u00e9szm\u00e9rn\u00f6k[\/et_pb_text][et_pb_divider divider_position=&#8221;center&#8221; divider_weight=&#8221;3&#8243; _builder_version=&#8221;4.16&#8243; max_width=&#8221;50px&#8221; module_alignment=&#8221;left&#8221; height=&#8221;0px&#8221; animation_style=&#8221;zoom&#8221; z_index_tablet=&#8221;500&#8243; global_colors_info=&#8221;{}&#8221;][\/et_pb_divider][et_pb_text admin_label=&#8221;Le\u00edr\u00e1s&#8221; _builder_version=&#8221;4.27.5&#8243; text_orientation=&#8221;justified&#8221; hover_enabled=&#8221;0&#8243; z_index_tablet=&#8221;500&#8243; global_colors_info=&#8221;{}&#8221; sticky_enabled=&#8221;0&#8243;]T\u00f3th M\u00e1rk els\u0151sorban m\u0171szaki jelleg\u0171, k\u00fcl\u00f6n\u00f6sen a g\u00e9piparhoz, a j\u00e1rm\u0171iparhoz \u00e9s a feldolgoz\u00f3iparhoz kapcsol\u00f3d\u00f3 tal\u00e1lm\u00e1nyokkal foglalkozik.<\/p>\n<p>Munk\u00e1ja sor\u00e1n sz\u00e1mos ipari \u00fcgyf\u00e9llel \u00e9s fels\u0151oktat\u00e1si int\u00e9zm\u00e9nnyel m\u0171k\u00f6dik egy\u00fctt, t\u00f6bb orsz\u00e1gra kiterjed\u0151 szabadalmi, haszn\u00e1lati mintaoltalmi \u00e9s formatervez\u00e9si mintaoltalmi jogok megszerz\u00e9s\u00e9ben, a bejelent\u00e9sek el\u0151k\u00e9sz\u00edt\u00e9s\u00e9t\u0151l a jog\u00e9rv\u00e9nyes\u00edt\u00e9sig.<\/p>\n<p>2020 \u00f3ta a Danubia Szabadalmi \u00e9s Jogi Iroda Kft. munkat\u00e1rsa. 2024-ben magyar szabadalmi \u00fcgyviv\u0151i szakvizsg\u00e1t tett, \u00e9s ugyanebben az \u00e9vben az iroda partner\u00e9v\u00e9 v\u00e1lt.<\/p>\n<p>G\u00e9p\u00e9szm\u00e9rn\u00f6ki diplom\u00e1j\u00e1t 2019-ben szerezte meg a Budapesti M\u0171szaki \u00e9s Gazdas\u00e1gtudom\u00e1nyi Egyetemen.<\/p>\n<p><span style=\"color: #a6192e;\"><strong>Nyelvtud\u00e1s:<\/strong><\/span><br \/>\nangol<br \/>\nn\u00e9met[\/et_pb_text][\/et_pb_column_inner][\/et_pb_row_inner][et_pb_row_inner column_structure=&#8221;1_2,1_2&#8243; admin_label=&#8221;Sor&#8221; _builder_version=&#8221;4.16&#8243; global_colors_info=&#8221;{}&#8221; theme_builder_area=&#8221;post_content&#8221;][et_pb_column_inner type=&#8221;1_2&#8243; _builder_version=&#8221;4.16&#8243; custom_padding=&#8221;|||&#8221; global_colors_info=&#8221;{}&#8221; custom_padding__hover=&#8221;|||&#8221; saved_specialty_column_type=&#8221;3_4&#8243; theme_builder_area=&#8221;post_content&#8221;][et_pb_text admin_label=&#8221;Szakmai tags\u00e1gok&#8221; _builder_version=&#8221;4.16&#8243; text_font=&#8221;Raleway|700|||||||&#8221; text_text_color=&#8221;#a6192e&#8221; z_index_tablet=&#8221;500&#8243; global_colors_info=&#8221;{}&#8221; theme_builder_area=&#8221;post_content&#8221;]<\/p>\n<p>Szakmai tags\u00e1gok<\/p>\n<p>[\/et_pb_text][et_pb_text admin_label=&#8221;Szakmai tags\u00e1gok felsorol\u00e1s&#8221; _builder_version=&#8221;4.27.5&#8243; hover_enabled=&#8221;0&#8243; z_index_tablet=&#8221;500&#8243; global_colors_info=&#8221;{}&#8221; theme_builder_area=&#8221;post_content&#8221; sticky_enabled=&#8221;0&#8243;]<span style=\"color: #a6192e;\">\u00bb <\/span> Magyar Szabadalmi \u00dcgyviv\u0151i Kamara<br \/>\n<span style=\"color: #a6192e;\">\u00bb<\/span> Magyar Iparjogv\u00e9delmi \u00e9s Szerz\u0151i Jogi Egyes\u00fclet (MIE)[\/et_pb_text][\/et_pb_column_inner][et_pb_column_inner type=&#8221;1_2&#8243; _builder_version=&#8221;4.16&#8243; custom_padding=&#8221;|||&#8221; global_colors_info=&#8221;{}&#8221; custom_padding__hover=&#8221;|||&#8221; saved_specialty_column_type=&#8221;3_4&#8243; theme_builder_area=&#8221;post_content&#8221;][et_pb_text admin_label=&#8221;F\u0151bb szakter\u00fcletek&#8221; _builder_version=&#8221;4.16&#8243; text_font=&#8221;Raleway|700|||||||&#8221; text_text_color=&#8221;#a6192e&#8221; z_index_tablet=&#8221;500&#8243; global_colors_info=&#8221;{}&#8221; theme_builder_area=&#8221;post_content&#8221;]<\/p>\n<p>F\u0151bb szakter\u00fcletek<\/p>\n<p>[\/et_pb_text][et_pb_text admin_label=&#8221;F\u0151bb szakter\u00fcletek felsorol\u00e1s&#8221; _builder_version=&#8221;4.27.5&#8243; hover_enabled=&#8221;0&#8243; z_index_tablet=&#8221;500&#8243; global_colors_info=&#8221;{}&#8221; theme_builder_area=&#8221;post_content&#8221; sticky_enabled=&#8221;0&#8243;]<span style=\"color: #a6192e;\">\u00bb<\/span> g\u00e9p\u00e9szeti szerkezetek<br \/>\n<span style=\"color: #a6192e;\">\u00bb<\/span> hajt\u00e1s- \u00e9s er\u0151\u00e1tviteli rendszerek<br \/>\n<span style=\"color: #a6192e;\">\u00bb<\/span> mozgat\u00f3berendez\u00e9sek<br \/>\n<span style=\"color: #a6192e;\">\u00bb<\/span> g\u00e9pipari \u00e9s feldolgoz\u00f3ipari technol\u00f3gi\u00e1k<br \/>\n<span style=\"color: #a6192e;\">\u00bb<\/span> m\u00e9r\u00e9stechnikai \u00e9s \u00e9rz\u00e9kel\u0151 rendszerek<br \/>\n<span style=\"color: #a6192e;\">\u00bb<\/span> automatiz\u00e1l\u00e1si \u00e9s vez\u00e9rl\u00e9si rendszerek[\/et_pb_text][\/et_pb_column_inner][\/et_pb_row_inner][\/et_pb_column][\/et_pb_section]<\/p>\n","protected":false},"excerpt":{"rendered":"<p>(+36 20) 949-0988dora.geyerhirt@danubia.huT\u00f3th M\u00e1rkmagyar\u00a0szabadalmi \u00fcgyviv\u0151 partner okl. g\u00e9p\u00e9szm\u00e9rn\u00f6kT\u00f3th M\u00e1rk els\u0151sorban m\u0171szaki jelleg\u0171, k\u00fcl\u00f6n\u00f6sen a g\u00e9piparhoz, a j\u00e1rm\u0171iparhoz \u00e9s a feldolgoz\u00f3iparhoz kapcsol\u00f3d\u00f3 tal\u00e1lm\u00e1nyokkal foglalkozik. Munk\u00e1ja sor\u00e1n sz\u00e1mos ipari \u00fcgyf\u00e9llel \u00e9s fels\u0151oktat\u00e1si int\u00e9zm\u00e9nnyel m\u0171k\u00f6dik egy\u00fctt, t\u00f6bb orsz\u00e1gra kiterjed\u0151 szabadalmi, haszn\u00e1lati mintaoltalmi \u00e9s formatervez\u00e9si mintaoltalmi jogok megszerz\u00e9s\u00e9ben, a bejelent\u00e9sek el\u0151k\u00e9sz\u00edt\u00e9s\u00e9t\u0151l a jog\u00e9rv\u00e9nyes\u00edt\u00e9sig. 2020 \u00f3ta a Danubia Szabadalmi \u00e9s [&hellip;]<\/p>\n","protected":false},"author":17,"featured_media":0,"parent":922,"menu_order":0,"comment_status":"closed","ping_status":"closed","template":"","meta":{"_et_pb_use_builder":"on","_et_pb_old_content":"","_et_gb_content_width":"","footnotes":""},"class_list":["post-12135","page","type-page","status-publish","hentry"],"yoast_head":"<!-- This site is optimized with the Yoast SEO plugin v27.3 - https:\/\/yoast.com\/product\/yoast-seo-wordpress\/ -->\n<title>T\u00f3th M\u00e1rk - Danubia<\/title>\n<meta name=\"robots\" content=\"index, follow, max-snippet:-1, max-image-preview:large, max-video-preview:-1\" \/>\n<link rel=\"canonical\" href=\"https:\/\/www.danubia.com\/hu\/munkatarsaink\/toth-mark\/\" \/>\n<meta property=\"og:locale\" content=\"hu_HU\" \/>\n<meta property=\"og:type\" content=\"article\" \/>\n<meta property=\"og:title\" content=\"T\u00f3th M\u00e1rk - Danubia\" \/>\n<meta property=\"og:description\" content=\"(+36 20) 949-0988dora.geyerhirt@danubia.huT\u00f3th M\u00e1rkmagyar\u00a0szabadalmi \u00fcgyviv\u0151 partner okl. g\u00e9p\u00e9szm\u00e9rn\u00f6kT\u00f3th M\u00e1rk els\u0151sorban m\u0171szaki jelleg\u0171, k\u00fcl\u00f6n\u00f6sen a g\u00e9piparhoz, a j\u00e1rm\u0171iparhoz \u00e9s a feldolgoz\u00f3iparhoz kapcsol\u00f3d\u00f3 tal\u00e1lm\u00e1nyokkal foglalkozik. Munk\u00e1ja sor\u00e1n sz\u00e1mos ipari \u00fcgyf\u00e9llel \u00e9s fels\u0151oktat\u00e1si int\u00e9zm\u00e9nnyel m\u0171k\u00f6dik egy\u00fctt, t\u00f6bb orsz\u00e1gra kiterjed\u0151 szabadalmi, haszn\u00e1lati mintaoltalmi \u00e9s formatervez\u00e9si mintaoltalmi jogok megszerz\u00e9s\u00e9ben, a bejelent\u00e9sek el\u0151k\u00e9sz\u00edt\u00e9s\u00e9t\u0151l a jog\u00e9rv\u00e9nyes\u00edt\u00e9sig. 2020 \u00f3ta a Danubia Szabadalmi \u00e9s [&hellip;]\" \/>\n<meta property=\"og:url\" content=\"https:\/\/www.danubia.com\/hu\/munkatarsaink\/toth-mark\/\" \/>\n<meta property=\"og:site_name\" content=\"Danubia\" \/>\n<meta property=\"article:modified_time\" content=\"2026-04-27T08:38:20+00:00\" \/>\n<meta property=\"og:image\" content=\"https:\/\/www.danubia.com\/wp-content\/uploads\/2019\/11\/Danubia-og-hu.jpg\" \/>\n\t<meta property=\"og:image:width\" content=\"1125\" \/>\n\t<meta property=\"og:image:height\" content=\"633\" \/>\n\t<meta property=\"og:image:type\" content=\"image\/jpeg\" \/>\n<meta name=\"twitter:card\" content=\"summary_large_image\" \/>\n<meta name=\"twitter:label1\" content=\"Becs\u00fclt olvas\u00e1si id\u0151\" \/>\n\t<meta name=\"twitter:data1\" content=\"1 perc\" \/>\n<script type=\"application\/ld+json\" class=\"yoast-schema-graph\">{\"@context\":\"https:\\\/\\\/schema.org\",\"@graph\":[{\"@type\":\"WebPage\",\"@id\":\"https:\\\/\\\/www.danubia.com\\\/hu\\\/munkatarsaink\\\/toth-mark\\\/\",\"url\":\"https:\\\/\\\/www.danubia.com\\\/hu\\\/munkatarsaink\\\/toth-mark\\\/\",\"name\":\"T\u00f3th M\u00e1rk - Danubia\",\"isPartOf\":{\"@id\":\"https:\\\/\\\/www.danubia.com\\\/#website\"},\"datePublished\":\"2026-04-27T08:34:38+00:00\",\"dateModified\":\"2026-04-27T08:38:20+00:00\",\"breadcrumb\":{\"@id\":\"https:\\\/\\\/www.danubia.com\\\/hu\\\/munkatarsaink\\\/toth-mark\\\/#breadcrumb\"},\"inLanguage\":\"hu\",\"potentialAction\":[{\"@type\":\"ReadAction\",\"target\":[\"https:\\\/\\\/www.danubia.com\\\/hu\\\/munkatarsaink\\\/toth-mark\\\/\"]}]},{\"@type\":\"BreadcrumbList\",\"@id\":\"https:\\\/\\\/www.danubia.com\\\/hu\\\/munkatarsaink\\\/toth-mark\\\/#breadcrumb\",\"itemListElement\":[{\"@type\":\"ListItem\",\"position\":1,\"name\":\"Home\",\"item\":\"https:\\\/\\\/www.danubia.com\\\/hu\\\/\"},{\"@type\":\"ListItem\",\"position\":2,\"name\":\"Munkat\u00e1rsaink\",\"item\":\"https:\\\/\\\/www.danubia.com\\\/hu\\\/munkatarsaink\\\/\"},{\"@type\":\"ListItem\",\"position\":3,\"name\":\"T\u00f3th M\u00e1rk\"}]},{\"@type\":\"WebSite\",\"@id\":\"https:\\\/\\\/www.danubia.com\\\/#website\",\"url\":\"https:\\\/\\\/www.danubia.com\\\/\",\"name\":\"Danubia\",\"description\":\"\",\"potentialAction\":[{\"@type\":\"SearchAction\",\"target\":{\"@type\":\"EntryPoint\",\"urlTemplate\":\"https:\\\/\\\/www.danubia.com\\\/?s={search_term_string}\"},\"query-input\":{\"@type\":\"PropertyValueSpecification\",\"valueRequired\":true,\"valueName\":\"search_term_string\"}}],\"inLanguage\":\"hu\"}]}<\/script>\n<!-- \/ Yoast SEO plugin. -->","yoast_head_json":{"title":"T\u00f3th M\u00e1rk - Danubia","robots":{"index":"index","follow":"follow","max-snippet":"max-snippet:-1","max-image-preview":"max-image-preview:large","max-video-preview":"max-video-preview:-1"},"canonical":"https:\/\/www.danubia.com\/hu\/munkatarsaink\/toth-mark\/","og_locale":"hu_HU","og_type":"article","og_title":"T\u00f3th M\u00e1rk - Danubia","og_description":"(+36 20) 949-0988dora.geyerhirt@danubia.huT\u00f3th M\u00e1rkmagyar\u00a0szabadalmi \u00fcgyviv\u0151 partner okl. g\u00e9p\u00e9szm\u00e9rn\u00f6kT\u00f3th M\u00e1rk els\u0151sorban m\u0171szaki jelleg\u0171, k\u00fcl\u00f6n\u00f6sen a g\u00e9piparhoz, a j\u00e1rm\u0171iparhoz \u00e9s a feldolgoz\u00f3iparhoz kapcsol\u00f3d\u00f3 tal\u00e1lm\u00e1nyokkal foglalkozik. Munk\u00e1ja sor\u00e1n sz\u00e1mos ipari \u00fcgyf\u00e9llel \u00e9s fels\u0151oktat\u00e1si int\u00e9zm\u00e9nnyel m\u0171k\u00f6dik egy\u00fctt, t\u00f6bb orsz\u00e1gra kiterjed\u0151 szabadalmi, haszn\u00e1lati mintaoltalmi \u00e9s formatervez\u00e9si mintaoltalmi jogok megszerz\u00e9s\u00e9ben, a bejelent\u00e9sek el\u0151k\u00e9sz\u00edt\u00e9s\u00e9t\u0151l a jog\u00e9rv\u00e9nyes\u00edt\u00e9sig. 2020 \u00f3ta a Danubia Szabadalmi \u00e9s [&hellip;]","og_url":"https:\/\/www.danubia.com\/hu\/munkatarsaink\/toth-mark\/","og_site_name":"Danubia","article_modified_time":"2026-04-27T08:38:20+00:00","og_image":[{"width":1125,"height":633,"url":"https:\/\/www.danubia.com\/wp-content\/uploads\/2019\/11\/Danubia-og-hu.jpg","type":"image\/jpeg"}],"twitter_card":"summary_large_image","twitter_misc":{"Becs\u00fclt olvas\u00e1si id\u0151":"1 perc"},"schema":{"@context":"https:\/\/schema.org","@graph":[{"@type":"WebPage","@id":"https:\/\/www.danubia.com\/hu\/munkatarsaink\/toth-mark\/","url":"https:\/\/www.danubia.com\/hu\/munkatarsaink\/toth-mark\/","name":"T\u00f3th M\u00e1rk - Danubia","isPartOf":{"@id":"https:\/\/www.danubia.com\/#website"},"datePublished":"2026-04-27T08:34:38+00:00","dateModified":"2026-04-27T08:38:20+00:00","breadcrumb":{"@id":"https:\/\/www.danubia.com\/hu\/munkatarsaink\/toth-mark\/#breadcrumb"},"inLanguage":"hu","potentialAction":[{"@type":"ReadAction","target":["https:\/\/www.danubia.com\/hu\/munkatarsaink\/toth-mark\/"]}]},{"@type":"BreadcrumbList","@id":"https:\/\/www.danubia.com\/hu\/munkatarsaink\/toth-mark\/#breadcrumb","itemListElement":[{"@type":"ListItem","position":1,"name":"Home","item":"https:\/\/www.danubia.com\/hu\/"},{"@type":"ListItem","position":2,"name":"Munkat\u00e1rsaink","item":"https:\/\/www.danubia.com\/hu\/munkatarsaink\/"},{"@type":"ListItem","position":3,"name":"T\u00f3th M\u00e1rk"}]},{"@type":"WebSite","@id":"https:\/\/www.danubia.com\/#website","url":"https:\/\/www.danubia.com\/","name":"Danubia","description":"","potentialAction":[{"@type":"SearchAction","target":{"@type":"EntryPoint","urlTemplate":"https:\/\/www.danubia.com\/?s={search_term_string}"},"query-input":{"@type":"PropertyValueSpecification","valueRequired":true,"valueName":"search_term_string"}}],"inLanguage":"hu"}]}},"_links":{"self":[{"href":"https:\/\/www.danubia.com\/hu\/wp-json\/wp\/v2\/pages\/12135","targetHints":{"allow":["GET"]}}],"collection":[{"href":"https:\/\/www.danubia.com\/hu\/wp-json\/wp\/v2\/pages"}],"about":[{"href":"https:\/\/www.danubia.com\/hu\/wp-json\/wp\/v2\/types\/page"}],"author":[{"embeddable":true,"href":"https:\/\/www.danubia.com\/hu\/wp-json\/wp\/v2\/users\/17"}],"replies":[{"embeddable":true,"href":"https:\/\/www.danubia.com\/hu\/wp-json\/wp\/v2\/comments?post=12135"}],"version-history":[{"count":4,"href":"https:\/\/www.danubia.com\/hu\/wp-json\/wp\/v2\/pages\/12135\/revisions"}],"predecessor-version":[{"id":12147,"href":"https:\/\/www.danubia.com\/hu\/wp-json\/wp\/v2\/pages\/12135\/revisions\/12147"}],"up":[{"embeddable":true,"href":"https:\/\/www.danubia.com\/hu\/wp-json\/wp\/v2\/pages\/922"}],"wp:attachment":[{"href":"https:\/\/www.danubia.com\/hu\/wp-json\/wp\/v2\/media?parent=12135"}],"curies":[{"name":"wp","href":"https:\/\/api.w.org\/{rel}","templated":true}]}}