{"id":1395,"date":"2019-07-26T06:12:36","date_gmt":"2019-07-26T06:12:36","guid":{"rendered":"https:\/\/www.danubia.com\/hu\/?page_id=1395"},"modified":"2020-02-08T11:29:27","modified_gmt":"2020-02-08T11:29:27","slug":"dr-szigeti-eva","status":"publish","type":"page","link":"https:\/\/www.danubia.com\/hu\/munkatarsaink\/dr-szigeti-eva\/","title":{"rendered":"Dr. Szigeti \u00c9va"},"content":{"rendered":"<p>[et_pb_section fb_built=&#8221;1&#8243; specialty=&#8221;on&#8221; _builder_version=&#8221;3.22&#8243; inner_max_width=&#8221;none&#8221;][et_pb_column type=&#8221;1_4&#8243; _builder_version=&#8221;3.25&#8243; custom_padding=&#8221;|||&#8221; custom_padding__hover=&#8221;|||&#8221;][et_pb_image src=&#8221;https:\/\/www.danubia.com\/wp-content\/uploads\/2019\/06\/dr.-Szigeti-Eva.jpg&#8221; align_tablet=&#8221;center&#8221; align_phone=&#8221;&#8221; align_last_edited=&#8221;on|desktop&#8221; _builder_version=&#8221;3.23&#8243; custom_margin=&#8221;||0px|&#8221; custom_padding=&#8221;||15px|&#8221; animation_style=&#8221;fade&#8221; z_index_tablet=&#8221;500&#8243;][\/et_pb_image][et_pb_text _builder_version=&#8221;3.27.4&#8243; text_font_size=&#8221;14px&#8221; custom_margin=&#8221;||0px|&#8221; custom_padding=&#8221;||15px|&#8221; z_index_tablet=&#8221;500&#8243;]<\/p>\n<p><strong>(+36 1) 411-8720<\/strong><br \/><strong><a href=\"mailto:szigeti@danubia.hu\">szigeti@danubia.hu<\/a><\/strong><\/p>\n<p>[\/et_pb_text][et_pb_image src=&#8221;https:\/\/www.danubia.com\/wp-content\/uploads\/2020\/01\/LinkedIn-logo.png&#8221; url=&#8221;https:\/\/www.linkedin.com\/in\/eva-szigeti-a76b392\/&#8221; url_new_window=&#8221;on&#8221; admin_label=&#8221;LinkedIn&#8221; _builder_version=&#8221;4.0.4&#8243; max_width=&#8221;30px&#8221; module_alignment=&#8221;left&#8221;][\/et_pb_image][\/et_pb_column][et_pb_column type=&#8221;3_4&#8243; specialty_columns=&#8221;3&#8243; _builder_version=&#8221;3.25&#8243; custom_padding=&#8221;|||&#8221; custom_padding__hover=&#8221;|||&#8221;][et_pb_row_inner admin_label=&#8221;Sor&#8221; _builder_version=&#8221;3.25&#8243;][et_pb_column_inner saved_specialty_column_type=&#8221;3_4&#8243; _builder_version=&#8221;3.25&#8243; custom_padding=&#8221;|||&#8221; custom_padding__hover=&#8221;|||&#8221;][et_pb_text admin_label=&#8221;N\u00e9v&#8221; _builder_version=&#8221;3.27.4&#8243; text_font=&#8221;Raleway|700||on|||||&#8221; text_text_color=&#8221;#a6192e&#8221; text_font_size=&#8221;36px&#8221; header_font=&#8221;Raleway|700||on|||||&#8221; header_text_align=&#8221;center&#8221; header_text_color=&#8221;#ffffff&#8221; header_font_size=&#8221;50px&#8221; header_line_height=&#8221;1.4em&#8221; custom_margin=&#8221;||0px|&#8221; custom_padding=&#8221;||15px|&#8221; z_index_tablet=&#8221;500&#8243; text_font_size_tablet=&#8221;30px&#8221; text_font_size_phone=&#8221;22px&#8221; text_font_size_last_edited=&#8221;on|desktop&#8221; header_font_size_tablet=&#8221;30px&#8221; header_font_size_phone=&#8221;22px&#8221; header_font_size_last_edited=&#8221;on|desktop&#8221;]<\/p>\n<p>Dr. Szigeti \u00c9va<\/p>\n<p>[\/et_pb_text][et_pb_text admin_label=&#8221;poz\u00edci\u00f3&#8221; _builder_version=&#8221;4.0.4&#8243; text_font=&#8221;Raleway|700|||||||&#8221; text_text_color=&#8221;#63666a&#8221; text_font_size=&#8221;18px&#8221; custom_margin=&#8221;||0px|&#8221; custom_padding=&#8221;||10px|&#8221; z_index_tablet=&#8221;500&#8243; text_font_size_tablet=&#8221;20px&#8221; text_font_size_phone=&#8221;&#8221; text_font_size_last_edited=&#8221;on|desktop&#8221;]v\u00e9djegyjog\u00e1sz<br \/>\npartner<br \/>\njogtan\u00e1csos[\/et_pb_text][et_pb_divider divider_position=&#8221;center&#8221; divider_weight=&#8221;3&#8243; _builder_version=&#8221;3.21.1&#8243; max_width=&#8221;50px&#8221; module_alignment=&#8221;left&#8221; height=&#8221;0px&#8221; animation_style=&#8221;zoom&#8221; z_index_tablet=&#8221;500&#8243;][\/et_pb_divider][et_pb_text admin_label=&#8221;Le\u00edr\u00e1s&#8221; _builder_version=&#8221;3.27.4&#8243; text_orientation=&#8221;justified&#8221; z_index_tablet=&#8221;500&#8243;]<\/p>\n<p>Dr. Szigeti \u00c9va mindennapi gyakorlati munk\u00e1ja v\u00e9djegybejelent\u00e9sek megt\u00e9tele \u00e9s v\u00e9djegyperek k\u00e9pviselet\u00e9nek ell\u00e1t\u00e1s\u00e1b\u00f3l \u00e1ll. Gyakori el\u0151ad\u00f3 hazai \u00e9s nemzetk\u00f6zi v\u00e9djegy konferenci\u00e1kon, t\u00e9m\u00e1ja els\u0151sorban a hazai \u00e9s kelet eur\u00f3pai v\u00e9djegyjogi gyakorlat \u00e9s a jog\u00e9rv\u00e9nyes\u00edt\u00e9s, tov\u00e1bb\u00e1 az Eur\u00f3pai Uni\u00f3 b\u0151v\u00edt\u00e9s\u00e9vel kapcsolatosan felmer\u00fcl\u0151 magyar v\u00e9djegyjogi k\u00e9rd\u00e9sek.<br \/>Rendszeresen publik\u00e1l hazai \u00e9s nemzetk\u00f6zi szakmai kiadv\u00e1nyokban.<\/p>\n<p>1979 \u00f3ta dolgozik a Danubia Szabadalmi \u00e9s Jogi Iroda jogel\u0151dj\u00e9n\u00e9l, a Licencia Tal\u00e1lm\u00e1nyokat \u00c9rt\u00e9kes\u00edt\u0151 K\u00fclkereskedelmi V\u00e1llalat v\u00e9djegyoszt\u00e1ly\u00e1n. 1981 \u00f3ta a v\u00e9djegyoszt\u00e1ly vezet\u0151je \u00e9s 1990 \u00f3ta a DANUBIA Szabadalmi \u00e9s Jogi Iroda v\u00e9djegyoszt\u00e1ly\u00e1nak \u00fcgyvezet\u0151je.<\/p>\n<p>\u00c9va a budapesti E\u00f6tv\u00f6s Lor\u00e1nd Tudom\u00e1nyegyetem jogi kar\u00e1n szerezte meg a diplom\u00e1j\u00e1t 1975-ben \u00e9s 1978-ban \u00fcgyv\u00e9d-jogtan\u00e1csosi szakvizsg\u00e1t tett le.<\/p>\n<p>Dr. Szigeti \u00c9va a Magyar V\u00e9djegyegyes\u00fclet \u00e1ltal alap\u00edtott V\u00e9djegy-kult\u00far\u00e1\u00e9rt kit\u00fcntet\u00e9s\u00e9ben r\u00e9szes\u00fclt.<\/p>\n<p><span style=\"color: #a6192e;\"><strong>Nyelvtud\u00e1s:<\/strong><\/span><br \/>angol, n\u00e9met<\/p>\n<p>[\/et_pb_text][\/et_pb_column_inner][\/et_pb_row_inner][et_pb_row_inner column_structure=&#8221;1_2,1_2&#8243; admin_label=&#8221;Sor&#8221; _builder_version=&#8221;3.25&#8243;][et_pb_column_inner type=&#8221;1_2&#8243; saved_specialty_column_type=&#8221;3_4&#8243; _builder_version=&#8221;3.25&#8243; custom_padding=&#8221;|||&#8221; custom_padding__hover=&#8221;|||&#8221;][et_pb_text admin_label=&#8221;Szakmai tags\u00e1gok&#8221; _builder_version=&#8221;3.27.4&#8243; text_font=&#8221;Raleway|700|||||||&#8221; text_text_color=&#8221;#a6192e&#8221; z_index_tablet=&#8221;500&#8243;]<\/p>\n<p>Szakmai tags\u00e1gok<\/p>\n<p>[\/et_pb_text][et_pb_text admin_label=&#8221;Szakmai tags\u00e1gok felsorol\u00e1s&#8221; _builder_version=&#8221;3.27.4&#8243; z_index_tablet=&#8221;500&#8243;]<\/p>\n<p><span style=\"color: #a6192e;\">\u00bb<\/span> Magyar V\u00e9djegyegyes\u00fclet Vezet\u0151s\u00e9g\u00e9nek tagja<br \/><span style=\"color: #a6192e;\">\u00bb<\/span> a Magyar Iparjogv\u00e9delmi Egyes\u00fcletnek a tagja<br \/><span style=\"color: #a6192e;\">\u00bb<\/span> Tagja a MARQUES Eur\u00f3pai V\u00e9djegyjogosultak Egyes\u00fclet\u00e9nek; ezen t\u00e1rsas\u00e1g vezet\u0151s\u00e9g\u00e9nek is tagja volt 2014-ig, valamint ezen nemzetk\u00f6zi t\u00e1rsas\u00e1got k\u00e9pviselte az EUIPO jogel\u0151dj\u00e9n\u00e9l az OHIM-n\u00e1l az \u00fan. OHIM User Group Szakmai Bizotts\u00e1g\u00e1ban , valamint a \u00fan. Corporation Fund Szakmai Bizotts\u00e1g\u00e1ban.<br \/><span style=\"color: #a6192e;\">\u00bb<\/span> jelenleg a Marques F\u00f6ldrajzi \u00e1rujelz\u0151k \u00e9s eredetmegjel\u00f6l\u00e9sekkel foglalkoz\u00f3 Szakmai Bizotts\u00e1g\u00e1nak tagja<br \/><span style=\"color: #a6192e;\">\u00bb<\/span> tagja az International Trademark Association (INTA)-nak, az INTA Parallel Import Eur\u00f3pai Bizotts\u00e1g\u00e1nak vezet\u0151je volt.<br \/><span style=\"color: #a6192e;\">\u00bb<\/span> jelenleg is tagja az INTA publik\u00e1ci\u00f3s szakmai bizotts\u00e1g\u00e1nak, tov\u00e1bb\u00e1 az ECTA, PTMG, CITMA nemzetk\u00f6zi t\u00e1rsas\u00e1goknak<br \/><span style=\"color: #a6192e;\">\u00bb<\/span> az Igazs\u00e1g\u00fcgyi Miniszter az Iparjogv\u00e9delmi Szak\u00e9rt\u0151i Test\u00fclet tagj\u00e1nak nevezte ki 2018. \u00e1prilis 1-t\u0151l \u00f6t \u00e9vre<br \/><span style=\"color: #a6192e;\">\u00bb<\/span> 1996-t\u00f3l 2002-ig r\u00e9szt vett a Magyar Szabadalmi Hivatal \u00e1ltal szervezett fels\u0151fok\u00fa iparjogv\u00e9delmi tanfolyam v\u00e9djegy el\u0151ad\u00e1sainak megtart\u00e1s\u00e1ban \u00e9s vizsgabizotts\u00e1g\u00e1ban<br \/><span style=\"color: #a6192e;\">\u00bb<\/span> az 1997. \u00e9vi XI. V\u00e9djegyt\u00f6rv\u00e9ny megalkot\u00e1sa el\u0151tt a Kodifik\u00e1ci\u00f3s Bizotts\u00e1g tagja volt<\/p>\n<p>[\/et_pb_text][\/et_pb_column_inner][et_pb_column_inner type=&#8221;1_2&#8243; saved_specialty_column_type=&#8221;3_4&#8243; _builder_version=&#8221;3.25&#8243; custom_padding=&#8221;|||&#8221; custom_padding__hover=&#8221;|||&#8221;][et_pb_text admin_label=&#8221;F\u0151bb szakter\u00fcletek&#8221; _builder_version=&#8221;3.27.4&#8243; text_font=&#8221;Raleway|700|||||||&#8221; text_text_color=&#8221;#a6192e&#8221; z_index_tablet=&#8221;500&#8243;]<\/p>\n<p>F\u0151bb szakter\u00fcletek<\/p>\n<p>[\/et_pb_text][et_pb_text admin_label=&#8221;F\u0151bb szakter\u00fcletek felsorol\u00e1s&#8221; _builder_version=&#8221;3.27.4&#8243; z_index_tablet=&#8221;500&#8243;]<span style=\"color: #a6192e;\">\u00bb<\/span> hazai \u00e9s nemzetk\u00f6zi v\u00e9djegyjogi k\u00e9pviselet<br \/>\n[\/et_pb_text][\/et_pb_column_inner][\/et_pb_row_inner][\/et_pb_column][\/et_pb_section]<\/p>\n","protected":false},"excerpt":{"rendered":"<p>(+36 1) 411-8720szigeti@danubia.hu Dr. Szigeti \u00c9va v\u00e9djegyjog\u00e1sz partner jogtan\u00e1csosDr. Szigeti \u00c9va mindennapi gyakorlati munk\u00e1ja v\u00e9djegybejelent\u00e9sek megt\u00e9tele \u00e9s v\u00e9djegyperek k\u00e9pviselet\u00e9nek ell\u00e1t\u00e1s\u00e1b\u00f3l \u00e1ll. Gyakori el\u0151ad\u00f3 hazai \u00e9s nemzetk\u00f6zi v\u00e9djegy konferenci\u00e1kon, t\u00e9m\u00e1ja els\u0151sorban a hazai \u00e9s kelet eur\u00f3pai v\u00e9djegyjogi gyakorlat \u00e9s a jog\u00e9rv\u00e9nyes\u00edt\u00e9s, tov\u00e1bb\u00e1 az Eur\u00f3pai Uni\u00f3 b\u0151v\u00edt\u00e9s\u00e9vel kapcsolatosan felmer\u00fcl\u0151 magyar v\u00e9djegyjogi k\u00e9rd\u00e9sek.Rendszeresen publik\u00e1l hazai \u00e9s nemzetk\u00f6zi szakmai [&hellip;]<\/p>\n","protected":false},"author":1,"featured_media":0,"parent":922,"menu_order":0,"comment_status":"closed","ping_status":"closed","template":"","meta":{"_et_pb_use_builder":"on","_et_pb_old_content":"","_et_gb_content_width":"","footnotes":""},"class_list":["post-1395","page","type-page","status-publish","hentry"],"yoast_head":"<!-- This site is optimized with the Yoast SEO plugin v27.3 - https:\/\/yoast.com\/product\/yoast-seo-wordpress\/ -->\n<title>Dr. Szigeti \u00c9va - DANUBIA Szabadalmi \u00e9s Jogi Iroda<\/title>\n<meta name=\"description\" content=\"A v\u00e9djegyoszt\u00e1ly vezet\u0151je, jogtan\u00e1csos. V\u00e9djegybejelent\u00e9sek megt\u00e9tele \u00e9s v\u00e9djegyperek k\u00e9pviselete. V\u00e9djegykutat\u00e1s, v\u00e9djegyeztet\u00e9s, nemzetk\u00f6zi v\u00e9djegy\" \/>\n<meta name=\"robots\" content=\"index, follow, max-snippet:-1, max-image-preview:large, max-video-preview:-1\" \/>\n<link rel=\"canonical\" href=\"https:\/\/www.danubia.com\/hu\/munkatarsaink\/dr-szigeti-eva\/\" \/>\n<meta property=\"og:locale\" content=\"hu_HU\" \/>\n<meta property=\"og:type\" content=\"article\" \/>\n<meta property=\"og:title\" content=\"Dr. Szigeti \u00c9va - DANUBIA Szabadalmi \u00e9s Jogi Iroda\" \/>\n<meta property=\"og:description\" content=\"A v\u00e9djegyoszt\u00e1ly vezet\u0151je, jogtan\u00e1csos. V\u00e9djegybejelent\u00e9sek megt\u00e9tele \u00e9s v\u00e9djegyperek k\u00e9pviselete. V\u00e9djegykutat\u00e1s, v\u00e9djegyeztet\u00e9s, nemzetk\u00f6zi v\u00e9djegy\" \/>\n<meta property=\"og:url\" content=\"https:\/\/www.danubia.com\/hu\/munkatarsaink\/dr-szigeti-eva\/\" \/>\n<meta property=\"og:site_name\" content=\"Danubia\" \/>\n<meta property=\"article:modified_time\" content=\"2020-02-08T11:29:27+00:00\" \/>\n<meta property=\"og:image\" content=\"https:\/\/www.danubia.com\/wp-content\/uploads\/2019\/11\/Danubia-og-hu.jpg\" \/>\n\t<meta property=\"og:image:width\" content=\"1125\" \/>\n\t<meta property=\"og:image:height\" content=\"633\" \/>\n\t<meta property=\"og:image:type\" content=\"image\/jpeg\" \/>\n<meta name=\"twitter:card\" content=\"summary_large_image\" \/>\n<meta name=\"twitter:label1\" content=\"Becs\u00fclt olvas\u00e1si id\u0151\" \/>\n\t<meta name=\"twitter:data1\" content=\"5 perc\" \/>\n<script type=\"application\/ld+json\" class=\"yoast-schema-graph\">{\"@context\":\"https:\\\/\\\/schema.org\",\"@graph\":[{\"@type\":\"WebPage\",\"@id\":\"https:\\\/\\\/www.danubia.com\\\/hu\\\/munkatarsaink\\\/dr-szigeti-eva\\\/\",\"url\":\"https:\\\/\\\/www.danubia.com\\\/hu\\\/munkatarsaink\\\/dr-szigeti-eva\\\/\",\"name\":\"Dr. Szigeti \u00c9va - DANUBIA Szabadalmi \u00e9s Jogi Iroda\",\"isPartOf\":{\"@id\":\"https:\\\/\\\/www.danubia.com\\\/#website\"},\"datePublished\":\"2019-07-26T06:12:36+00:00\",\"dateModified\":\"2020-02-08T11:29:27+00:00\",\"description\":\"A v\u00e9djegyoszt\u00e1ly vezet\u0151je, jogtan\u00e1csos. V\u00e9djegybejelent\u00e9sek megt\u00e9tele \u00e9s v\u00e9djegyperek k\u00e9pviselete. V\u00e9djegykutat\u00e1s, v\u00e9djegyeztet\u00e9s, nemzetk\u00f6zi v\u00e9djegy\",\"breadcrumb\":{\"@id\":\"https:\\\/\\\/www.danubia.com\\\/hu\\\/munkatarsaink\\\/dr-szigeti-eva\\\/#breadcrumb\"},\"inLanguage\":\"hu\",\"potentialAction\":[{\"@type\":\"ReadAction\",\"target\":[\"https:\\\/\\\/www.danubia.com\\\/hu\\\/munkatarsaink\\\/dr-szigeti-eva\\\/\"]}]},{\"@type\":\"BreadcrumbList\",\"@id\":\"https:\\\/\\\/www.danubia.com\\\/hu\\\/munkatarsaink\\\/dr-szigeti-eva\\\/#breadcrumb\",\"itemListElement\":[{\"@type\":\"ListItem\",\"position\":1,\"name\":\"Home\",\"item\":\"https:\\\/\\\/www.danubia.com\\\/hu\\\/\"},{\"@type\":\"ListItem\",\"position\":2,\"name\":\"Munkat\u00e1rsaink\",\"item\":\"https:\\\/\\\/www.danubia.com\\\/hu\\\/munkatarsaink\\\/\"},{\"@type\":\"ListItem\",\"position\":3,\"name\":\"Dr. Szigeti \u00c9va\"}]},{\"@type\":\"WebSite\",\"@id\":\"https:\\\/\\\/www.danubia.com\\\/#website\",\"url\":\"https:\\\/\\\/www.danubia.com\\\/\",\"name\":\"Danubia\",\"description\":\"\",\"potentialAction\":[{\"@type\":\"SearchAction\",\"target\":{\"@type\":\"EntryPoint\",\"urlTemplate\":\"https:\\\/\\\/www.danubia.com\\\/?s={search_term_string}\"},\"query-input\":{\"@type\":\"PropertyValueSpecification\",\"valueRequired\":true,\"valueName\":\"search_term_string\"}}],\"inLanguage\":\"hu\"}]}<\/script>\n<!-- \/ Yoast SEO plugin. -->","yoast_head_json":{"title":"Dr. Szigeti \u00c9va - DANUBIA Szabadalmi \u00e9s Jogi Iroda","description":"A v\u00e9djegyoszt\u00e1ly vezet\u0151je, jogtan\u00e1csos. V\u00e9djegybejelent\u00e9sek megt\u00e9tele \u00e9s v\u00e9djegyperek k\u00e9pviselete. V\u00e9djegykutat\u00e1s, v\u00e9djegyeztet\u00e9s, nemzetk\u00f6zi v\u00e9djegy","robots":{"index":"index","follow":"follow","max-snippet":"max-snippet:-1","max-image-preview":"max-image-preview:large","max-video-preview":"max-video-preview:-1"},"canonical":"https:\/\/www.danubia.com\/hu\/munkatarsaink\/dr-szigeti-eva\/","og_locale":"hu_HU","og_type":"article","og_title":"Dr. Szigeti \u00c9va - DANUBIA Szabadalmi \u00e9s Jogi Iroda","og_description":"A v\u00e9djegyoszt\u00e1ly vezet\u0151je, jogtan\u00e1csos. V\u00e9djegybejelent\u00e9sek megt\u00e9tele \u00e9s v\u00e9djegyperek k\u00e9pviselete. V\u00e9djegykutat\u00e1s, v\u00e9djegyeztet\u00e9s, nemzetk\u00f6zi v\u00e9djegy","og_url":"https:\/\/www.danubia.com\/hu\/munkatarsaink\/dr-szigeti-eva\/","og_site_name":"Danubia","article_modified_time":"2020-02-08T11:29:27+00:00","og_image":[{"width":1125,"height":633,"url":"https:\/\/www.danubia.com\/wp-content\/uploads\/2019\/11\/Danubia-og-hu.jpg","type":"image\/jpeg"}],"twitter_card":"summary_large_image","twitter_misc":{"Becs\u00fclt olvas\u00e1si id\u0151":"5 perc"},"schema":{"@context":"https:\/\/schema.org","@graph":[{"@type":"WebPage","@id":"https:\/\/www.danubia.com\/hu\/munkatarsaink\/dr-szigeti-eva\/","url":"https:\/\/www.danubia.com\/hu\/munkatarsaink\/dr-szigeti-eva\/","name":"Dr. Szigeti \u00c9va - DANUBIA Szabadalmi \u00e9s Jogi Iroda","isPartOf":{"@id":"https:\/\/www.danubia.com\/#website"},"datePublished":"2019-07-26T06:12:36+00:00","dateModified":"2020-02-08T11:29:27+00:00","description":"A v\u00e9djegyoszt\u00e1ly vezet\u0151je, jogtan\u00e1csos. V\u00e9djegybejelent\u00e9sek megt\u00e9tele \u00e9s v\u00e9djegyperek k\u00e9pviselete. V\u00e9djegykutat\u00e1s, v\u00e9djegyeztet\u00e9s, nemzetk\u00f6zi v\u00e9djegy","breadcrumb":{"@id":"https:\/\/www.danubia.com\/hu\/munkatarsaink\/dr-szigeti-eva\/#breadcrumb"},"inLanguage":"hu","potentialAction":[{"@type":"ReadAction","target":["https:\/\/www.danubia.com\/hu\/munkatarsaink\/dr-szigeti-eva\/"]}]},{"@type":"BreadcrumbList","@id":"https:\/\/www.danubia.com\/hu\/munkatarsaink\/dr-szigeti-eva\/#breadcrumb","itemListElement":[{"@type":"ListItem","position":1,"name":"Home","item":"https:\/\/www.danubia.com\/hu\/"},{"@type":"ListItem","position":2,"name":"Munkat\u00e1rsaink","item":"https:\/\/www.danubia.com\/hu\/munkatarsaink\/"},{"@type":"ListItem","position":3,"name":"Dr. Szigeti \u00c9va"}]},{"@type":"WebSite","@id":"https:\/\/www.danubia.com\/#website","url":"https:\/\/www.danubia.com\/","name":"Danubia","description":"","potentialAction":[{"@type":"SearchAction","target":{"@type":"EntryPoint","urlTemplate":"https:\/\/www.danubia.com\/?s={search_term_string}"},"query-input":{"@type":"PropertyValueSpecification","valueRequired":true,"valueName":"search_term_string"}}],"inLanguage":"hu"}]}},"_links":{"self":[{"href":"https:\/\/www.danubia.com\/hu\/wp-json\/wp\/v2\/pages\/1395","targetHints":{"allow":["GET"]}}],"collection":[{"href":"https:\/\/www.danubia.com\/hu\/wp-json\/wp\/v2\/pages"}],"about":[{"href":"https:\/\/www.danubia.com\/hu\/wp-json\/wp\/v2\/types\/page"}],"author":[{"embeddable":true,"href":"https:\/\/www.danubia.com\/hu\/wp-json\/wp\/v2\/users\/1"}],"replies":[{"embeddable":true,"href":"https:\/\/www.danubia.com\/hu\/wp-json\/wp\/v2\/comments?post=1395"}],"version-history":[{"count":8,"href":"https:\/\/www.danubia.com\/hu\/wp-json\/wp\/v2\/pages\/1395\/revisions"}],"predecessor-version":[{"id":3768,"href":"https:\/\/www.danubia.com\/hu\/wp-json\/wp\/v2\/pages\/1395\/revisions\/3768"}],"up":[{"embeddable":true,"href":"https:\/\/www.danubia.com\/hu\/wp-json\/wp\/v2\/pages\/922"}],"wp:attachment":[{"href":"https:\/\/www.danubia.com\/hu\/wp-json\/wp\/v2\/media?parent=1395"}],"curies":[{"name":"wp","href":"https:\/\/api.w.org\/{rel}","templated":true}]}}