{"id":1468,"date":"2019-07-26T08:21:04","date_gmt":"2019-07-26T08:21:04","guid":{"rendered":"https:\/\/www.danubia.com\/?page_id=1468"},"modified":"2020-02-05T15:17:26","modified_gmt":"2020-02-05T15:17:26","slug":"molnar-imre","status":"publish","type":"page","link":"https:\/\/www.danubia.com\/hu\/munkatarsaink\/molnar-imre\/","title":{"rendered":"Moln\u00e1r Imre"},"content":{"rendered":"<p>[et_pb_section fb_built=&#8221;1&#8243; specialty=&#8221;on&#8221; _builder_version=&#8221;3.22&#8243; inner_max_width=&#8221;none&#8221;][et_pb_column type=&#8221;1_4&#8243; _builder_version=&#8221;3.25&#8243; custom_padding=&#8221;|||&#8221; custom_padding__hover=&#8221;|||&#8221;][et_pb_image src=&#8221;https:\/\/www.danubia.com\/wp-content\/uploads\/2019\/06\/Molnar-Imre.jpg&#8221; align_tablet=&#8221;center&#8221; align_phone=&#8221;&#8221; align_last_edited=&#8221;on|desktop&#8221; _builder_version=&#8221;3.23&#8243; custom_margin=&#8221;||0px|&#8221; custom_padding=&#8221;||15px|&#8221; animation_style=&#8221;fade&#8221; z_index_tablet=&#8221;500&#8243;][\/et_pb_image][et_pb_text _builder_version=&#8221;3.27.4&#8243; text_font_size=&#8221;14px&#8221; custom_margin=&#8221;||0px|&#8221; custom_padding=&#8221;||15px|&#8221; z_index_tablet=&#8221;500&#8243;]<\/p>\n<p><strong>(+36 1) 411-8722<\/strong><br \/><strong><a href=\"mailto:imolnar@danubia.hu\">imolnar@danubia.hu<\/a><\/strong><\/p>\n<p>[\/et_pb_text][et_pb_image src=&#8221;https:\/\/www.danubia.com\/wp-content\/uploads\/2020\/01\/LinkedIn-logo.png&#8221; url=&#8221;https:\/\/www.linkedin.com\/company\/danubia-patent-and-law-office-llc\/&#8221; url_new_window=&#8221;on&#8221; admin_label=&#8221;LinkedIn&#8221; _builder_version=&#8221;4.0.4&#8243; max_width=&#8221;30px&#8221; module_alignment=&#8221;left&#8221;][\/et_pb_image][\/et_pb_column][et_pb_column type=&#8221;3_4&#8243; specialty_columns=&#8221;3&#8243; _builder_version=&#8221;3.25&#8243; custom_padding=&#8221;|||&#8221; custom_padding__hover=&#8221;|||&#8221;][et_pb_row_inner admin_label=&#8221;Sor&#8221; _builder_version=&#8221;3.25&#8243;][et_pb_column_inner saved_specialty_column_type=&#8221;3_4&#8243; _builder_version=&#8221;3.25&#8243; custom_padding=&#8221;|||&#8221; custom_padding__hover=&#8221;|||&#8221;][et_pb_text admin_label=&#8221;N\u00e9v&#8221; _builder_version=&#8221;3.27.4&#8243; text_font=&#8221;Raleway|700||on|||||&#8221; text_text_color=&#8221;#a6192e&#8221; text_font_size=&#8221;36px&#8221; header_font=&#8221;Raleway|700||on|||||&#8221; header_text_align=&#8221;center&#8221; header_text_color=&#8221;#ffffff&#8221; header_font_size=&#8221;50px&#8221; header_line_height=&#8221;1.4em&#8221; custom_margin=&#8221;||0px|&#8221; custom_padding=&#8221;||15px|&#8221; z_index_tablet=&#8221;500&#8243; text_font_size_tablet=&#8221;30px&#8221; text_font_size_phone=&#8221;22px&#8221; text_font_size_last_edited=&#8221;on|desktop&#8221; header_font_size_tablet=&#8221;30px&#8221; header_font_size_phone=&#8221;22px&#8221; header_font_size_last_edited=&#8221;on|desktop&#8221;]Moln\u00e1r Imre L\u00e1szl\u00f3<br \/>\n[\/et_pb_text][et_pb_text admin_label=&#8221;poz\u00edci\u00f3&#8221; _builder_version=&#8221;3.27.4&#8243; text_font=&#8221;Raleway|700|||||||&#8221; text_text_color=&#8221;#63666a&#8221; text_font_size=&#8221;18px&#8221; custom_margin=&#8221;||0px|&#8221; custom_padding=&#8221;||10px|&#8221; z_index_tablet=&#8221;500&#8243; text_font_size_tablet=&#8221;20px&#8221; text_font_size_phone=&#8221;&#8221; text_font_size_last_edited=&#8221;on|desktop&#8221;]eur\u00f3pai \u00e9s magyar szabadalmi \u00fcgyviv\u0151<br \/>\npartner<br \/>\nokl. vegy\u00e9sz<br \/>\n[\/et_pb_text][et_pb_divider divider_position=&#8221;center&#8221; divider_weight=&#8221;3&#8243; _builder_version=&#8221;3.21.1&#8243; max_width=&#8221;50px&#8221; module_alignment=&#8221;left&#8221; height=&#8221;0px&#8221; animation_style=&#8221;zoom&#8221; z_index_tablet=&#8221;500&#8243;][\/et_pb_divider][et_pb_text admin_label=&#8221;Le\u00edr\u00e1s&#8221; _builder_version=&#8221;3.27.4&#8243; text_orientation=&#8221;justified&#8221; z_index_tablet=&#8221;500&#8243;]<\/p>\n<p>Moln\u00e1r Imre a k\u00e9mia ter\u00fclet\u00e9n szabadalmaztat\u00e1ssal \u00e9s szabadalmakkal kapcsolatos jogvit\u00e1kkal foglalkozik.<\/p>\n<p>1972 \u00f3ta a Danubia Szabadalmi \u00e9s Jogi Iroda szabadalmi \u00fcgyviv\u0151je.<br \/>Az egyetem 1970-ben t\u00f6rt\u00e9nt befejez\u00e9se ut\u00e1n az az\u00f3ta megsz\u0171nt Egyes\u00fclt Vegyim\u0171vek M\u0171szaki Tan\u00e1csad\u00f3 Szolg\u00e1lat\u00e1nak munkat\u00e1rsa volt 1972. \u00e1prilis 1-j\u00e9ig.<\/p>\n<p>Imre 1978-ban szabadalmi \u00fcgyviv\u0151i vizsg\u00e1t tett, 2003-t\u00f3l eur\u00f3pai szabadalmi \u00fcgyviv\u0151.<br \/>1965 \u00e9s 1970 k\u00f6z\u00f6tt az ELTE TTK egyszakos vegy\u00e9sz hallgat\u00f3ja volt \u00e9s 1970-ben v\u00e9gzett okleveles vegy\u00e9szk\u00e9nt.<\/p>\n<p>Moln\u00e1r Imre szakmai elismer\u00e9sk\u00e9nt Jedlik \u00c1nyos, illetve Somlay d\u00edjban r\u00e9szes\u00fclt.<\/p>\n<p><span style=\"color: #a6192e;\"><strong>Nyelvtud\u00e1s:<\/strong><\/span><br \/>angol, n\u00e9met<\/p>\n<p>[\/et_pb_text][\/et_pb_column_inner][\/et_pb_row_inner][et_pb_row_inner column_structure=&#8221;1_2,1_2&#8243; admin_label=&#8221;Sor&#8221; _builder_version=&#8221;3.25&#8243;][et_pb_column_inner type=&#8221;1_2&#8243; saved_specialty_column_type=&#8221;3_4&#8243; _builder_version=&#8221;3.25&#8243; custom_padding=&#8221;|||&#8221; custom_padding__hover=&#8221;|||&#8221;][et_pb_text admin_label=&#8221;Szakmai tags\u00e1gok&#8221; _builder_version=&#8221;3.27.4&#8243; text_font=&#8221;Raleway|700|||||||&#8221; text_text_color=&#8221;#a6192e&#8221; z_index_tablet=&#8221;500&#8243;]<\/p>\n<p>Szakmai tags\u00e1gok<\/p>\n<p>[\/et_pb_text][et_pb_text admin_label=&#8221;Szakmai tags\u00e1gok felsorol\u00e1s&#8221; _builder_version=&#8221;3.27.4&#8243; z_index_tablet=&#8221;500&#8243;]<span style=\"color: #a6192e;\">\u00bb<\/span> Magyar Szabadalmi \u00dcgyviv\u0151i Kamara<br \/>\n<span style=\"color: #a6192e;\">\u00bb<\/span> Magyar Iparjogv\u00e9delmi \u00e9s Szerz\u0151i Jogi Egyes\u00fclet<br \/>\n<span style=\"color: #a6192e;\">\u00bb<\/span> AIPPI Magyar Csoportja<br \/>\n<span style=\"color: #a6192e;\">\u00bb<\/span> Union<br \/>\n[\/et_pb_text][\/et_pb_column_inner][et_pb_column_inner type=&#8221;1_2&#8243; saved_specialty_column_type=&#8221;3_4&#8243; _builder_version=&#8221;3.25&#8243; custom_padding=&#8221;|||&#8221; custom_padding__hover=&#8221;|||&#8221;][et_pb_text admin_label=&#8221;F\u0151bb szakter\u00fcletek&#8221; _builder_version=&#8221;3.27.4&#8243; text_font=&#8221;Raleway|700|||||||&#8221; text_text_color=&#8221;#a6192e&#8221; z_index_tablet=&#8221;500&#8243;]<\/p>\n<p>F\u0151bb szakter\u00fcletek<\/p>\n<p>[\/et_pb_text][et_pb_text admin_label=&#8221;F\u0151bb szakter\u00fcletek felsorol\u00e1s&#8221; _builder_version=&#8221;3.27.4&#8243; z_index_tablet=&#8221;500&#8243;]<span style=\"color: #a6192e;\">\u00bb<\/span> szerves k\u00e9mia, gy\u00f3gyszerk\u00e9mia, farmakol\u00f3gia, klinikai k\u00e9mia, szervetlen k\u00e9mia, k\u00e9miai technol\u00f3gia, szilik\u00e1tk\u00e9mia, \u00e9lelmiszerk\u00e9mia<br \/>\n[\/et_pb_text][\/et_pb_column_inner][\/et_pb_row_inner][\/et_pb_column][\/et_pb_section]<\/p>\n","protected":false},"excerpt":{"rendered":"<p>(+36 1) 411-8722imolnar@danubia.hu Moln\u00e1r Imre L\u00e1szl\u00f3 eur\u00f3pai \u00e9s magyar szabadalmi \u00fcgyviv\u0151 partner okl. vegy\u00e9sz Moln\u00e1r Imre a k\u00e9mia ter\u00fclet\u00e9n szabadalmaztat\u00e1ssal \u00e9s szabadalmakkal kapcsolatos jogvit\u00e1kkal foglalkozik.1972 \u00f3ta a Danubia Szabadalmi \u00e9s Jogi Iroda szabadalmi \u00fcgyviv\u0151je.Az egyetem 1970-ben t\u00f6rt\u00e9nt befejez\u00e9se ut\u00e1n az az\u00f3ta megsz\u0171nt Egyes\u00fclt Vegyim\u0171vek M\u0171szaki Tan\u00e1csad\u00f3 Szolg\u00e1lat\u00e1nak munkat\u00e1rsa volt 1972. \u00e1prilis 1-j\u00e9ig.Imre 1978-ban szabadalmi \u00fcgyviv\u0151i [&hellip;]<\/p>\n","protected":false},"author":1,"featured_media":0,"parent":922,"menu_order":0,"comment_status":"closed","ping_status":"closed","template":"","meta":{"_et_pb_use_builder":"on","_et_pb_old_content":"","_et_gb_content_width":"","footnotes":""},"class_list":["post-1468","page","type-page","status-publish","hentry"],"yoast_head":"<!-- This site is optimized with the Yoast SEO plugin v27.3 - https:\/\/yoast.com\/product\/yoast-seo-wordpress\/ -->\n<title>Moln\u00e1r Imre - DANUBIA Szabadalmi \u00e9s Jogi Iroda<\/title>\n<meta name=\"description\" content=\"Eur\u00f3pai \u00e9s magyar szabadalmi \u00fcgyviv\u0151. Szabadalmaztat\u00e1s, szabadalmakkal kapcsolatos jogvit\u00e1k, szabadalmi oltalom, szabadalmi bejelent\u00e9s.\" \/>\n<meta name=\"robots\" content=\"index, follow, max-snippet:-1, max-image-preview:large, max-video-preview:-1\" \/>\n<link rel=\"canonical\" href=\"https:\/\/www.danubia.com\/hu\/munkatarsaink\/molnar-imre\/\" \/>\n<meta property=\"og:locale\" content=\"hu_HU\" \/>\n<meta property=\"og:type\" content=\"article\" \/>\n<meta property=\"og:title\" content=\"Moln\u00e1r Imre - DANUBIA Szabadalmi \u00e9s Jogi Iroda\" \/>\n<meta property=\"og:description\" content=\"Eur\u00f3pai \u00e9s magyar szabadalmi \u00fcgyviv\u0151. Szabadalmaztat\u00e1s, szabadalmakkal kapcsolatos jogvit\u00e1k, szabadalmi oltalom, szabadalmi bejelent\u00e9s.\" \/>\n<meta property=\"og:url\" content=\"https:\/\/www.danubia.com\/hu\/munkatarsaink\/molnar-imre\/\" \/>\n<meta property=\"og:site_name\" content=\"Danubia\" \/>\n<meta property=\"article:modified_time\" content=\"2020-02-05T15:17:26+00:00\" \/>\n<meta property=\"og:image\" content=\"https:\/\/www.danubia.com\/wp-content\/uploads\/2019\/11\/Danubia-og-hu.jpg\" \/>\n\t<meta property=\"og:image:width\" content=\"1125\" \/>\n\t<meta property=\"og:image:height\" content=\"633\" \/>\n\t<meta property=\"og:image:type\" content=\"image\/jpeg\" \/>\n<meta name=\"twitter:card\" content=\"summary_large_image\" \/>\n<meta name=\"twitter:label1\" content=\"Becs\u00fclt olvas\u00e1si id\u0151\" \/>\n\t<meta name=\"twitter:data1\" content=\"3 perc\" \/>\n<script type=\"application\/ld+json\" class=\"yoast-schema-graph\">{\"@context\":\"https:\\\/\\\/schema.org\",\"@graph\":[{\"@type\":\"WebPage\",\"@id\":\"https:\\\/\\\/www.danubia.com\\\/hu\\\/munkatarsaink\\\/molnar-imre\\\/\",\"url\":\"https:\\\/\\\/www.danubia.com\\\/hu\\\/munkatarsaink\\\/molnar-imre\\\/\",\"name\":\"Moln\u00e1r Imre - DANUBIA Szabadalmi \u00e9s Jogi Iroda\",\"isPartOf\":{\"@id\":\"https:\\\/\\\/www.danubia.com\\\/#website\"},\"datePublished\":\"2019-07-26T08:21:04+00:00\",\"dateModified\":\"2020-02-05T15:17:26+00:00\",\"description\":\"Eur\u00f3pai \u00e9s magyar szabadalmi \u00fcgyviv\u0151. Szabadalmaztat\u00e1s, szabadalmakkal kapcsolatos jogvit\u00e1k, szabadalmi oltalom, szabadalmi bejelent\u00e9s.\",\"breadcrumb\":{\"@id\":\"https:\\\/\\\/www.danubia.com\\\/hu\\\/munkatarsaink\\\/molnar-imre\\\/#breadcrumb\"},\"inLanguage\":\"hu\",\"potentialAction\":[{\"@type\":\"ReadAction\",\"target\":[\"https:\\\/\\\/www.danubia.com\\\/hu\\\/munkatarsaink\\\/molnar-imre\\\/\"]}]},{\"@type\":\"BreadcrumbList\",\"@id\":\"https:\\\/\\\/www.danubia.com\\\/hu\\\/munkatarsaink\\\/molnar-imre\\\/#breadcrumb\",\"itemListElement\":[{\"@type\":\"ListItem\",\"position\":1,\"name\":\"Home\",\"item\":\"https:\\\/\\\/www.danubia.com\\\/hu\\\/\"},{\"@type\":\"ListItem\",\"position\":2,\"name\":\"Munkat\u00e1rsaink\",\"item\":\"https:\\\/\\\/www.danubia.com\\\/hu\\\/munkatarsaink\\\/\"},{\"@type\":\"ListItem\",\"position\":3,\"name\":\"Moln\u00e1r Imre\"}]},{\"@type\":\"WebSite\",\"@id\":\"https:\\\/\\\/www.danubia.com\\\/#website\",\"url\":\"https:\\\/\\\/www.danubia.com\\\/\",\"name\":\"Danubia\",\"description\":\"\",\"potentialAction\":[{\"@type\":\"SearchAction\",\"target\":{\"@type\":\"EntryPoint\",\"urlTemplate\":\"https:\\\/\\\/www.danubia.com\\\/?s={search_term_string}\"},\"query-input\":{\"@type\":\"PropertyValueSpecification\",\"valueRequired\":true,\"valueName\":\"search_term_string\"}}],\"inLanguage\":\"hu\"}]}<\/script>\n<!-- \/ Yoast SEO plugin. -->","yoast_head_json":{"title":"Moln\u00e1r Imre - DANUBIA Szabadalmi \u00e9s Jogi Iroda","description":"Eur\u00f3pai \u00e9s magyar szabadalmi \u00fcgyviv\u0151. Szabadalmaztat\u00e1s, szabadalmakkal kapcsolatos jogvit\u00e1k, szabadalmi oltalom, szabadalmi bejelent\u00e9s.","robots":{"index":"index","follow":"follow","max-snippet":"max-snippet:-1","max-image-preview":"max-image-preview:large","max-video-preview":"max-video-preview:-1"},"canonical":"https:\/\/www.danubia.com\/hu\/munkatarsaink\/molnar-imre\/","og_locale":"hu_HU","og_type":"article","og_title":"Moln\u00e1r Imre - DANUBIA Szabadalmi \u00e9s Jogi Iroda","og_description":"Eur\u00f3pai \u00e9s magyar szabadalmi \u00fcgyviv\u0151. Szabadalmaztat\u00e1s, szabadalmakkal kapcsolatos jogvit\u00e1k, szabadalmi oltalom, szabadalmi bejelent\u00e9s.","og_url":"https:\/\/www.danubia.com\/hu\/munkatarsaink\/molnar-imre\/","og_site_name":"Danubia","article_modified_time":"2020-02-05T15:17:26+00:00","og_image":[{"width":1125,"height":633,"url":"https:\/\/www.danubia.com\/wp-content\/uploads\/2019\/11\/Danubia-og-hu.jpg","type":"image\/jpeg"}],"twitter_card":"summary_large_image","twitter_misc":{"Becs\u00fclt olvas\u00e1si id\u0151":"3 perc"},"schema":{"@context":"https:\/\/schema.org","@graph":[{"@type":"WebPage","@id":"https:\/\/www.danubia.com\/hu\/munkatarsaink\/molnar-imre\/","url":"https:\/\/www.danubia.com\/hu\/munkatarsaink\/molnar-imre\/","name":"Moln\u00e1r Imre - DANUBIA Szabadalmi \u00e9s Jogi Iroda","isPartOf":{"@id":"https:\/\/www.danubia.com\/#website"},"datePublished":"2019-07-26T08:21:04+00:00","dateModified":"2020-02-05T15:17:26+00:00","description":"Eur\u00f3pai \u00e9s magyar szabadalmi \u00fcgyviv\u0151. Szabadalmaztat\u00e1s, szabadalmakkal kapcsolatos jogvit\u00e1k, szabadalmi oltalom, szabadalmi bejelent\u00e9s.","breadcrumb":{"@id":"https:\/\/www.danubia.com\/hu\/munkatarsaink\/molnar-imre\/#breadcrumb"},"inLanguage":"hu","potentialAction":[{"@type":"ReadAction","target":["https:\/\/www.danubia.com\/hu\/munkatarsaink\/molnar-imre\/"]}]},{"@type":"BreadcrumbList","@id":"https:\/\/www.danubia.com\/hu\/munkatarsaink\/molnar-imre\/#breadcrumb","itemListElement":[{"@type":"ListItem","position":1,"name":"Home","item":"https:\/\/www.danubia.com\/hu\/"},{"@type":"ListItem","position":2,"name":"Munkat\u00e1rsaink","item":"https:\/\/www.danubia.com\/hu\/munkatarsaink\/"},{"@type":"ListItem","position":3,"name":"Moln\u00e1r Imre"}]},{"@type":"WebSite","@id":"https:\/\/www.danubia.com\/#website","url":"https:\/\/www.danubia.com\/","name":"Danubia","description":"","potentialAction":[{"@type":"SearchAction","target":{"@type":"EntryPoint","urlTemplate":"https:\/\/www.danubia.com\/?s={search_term_string}"},"query-input":{"@type":"PropertyValueSpecification","valueRequired":true,"valueName":"search_term_string"}}],"inLanguage":"hu"}]}},"_links":{"self":[{"href":"https:\/\/www.danubia.com\/hu\/wp-json\/wp\/v2\/pages\/1468","targetHints":{"allow":["GET"]}}],"collection":[{"href":"https:\/\/www.danubia.com\/hu\/wp-json\/wp\/v2\/pages"}],"about":[{"href":"https:\/\/www.danubia.com\/hu\/wp-json\/wp\/v2\/types\/page"}],"author":[{"embeddable":true,"href":"https:\/\/www.danubia.com\/hu\/wp-json\/wp\/v2\/users\/1"}],"replies":[{"embeddable":true,"href":"https:\/\/www.danubia.com\/hu\/wp-json\/wp\/v2\/comments?post=1468"}],"version-history":[{"count":5,"href":"https:\/\/www.danubia.com\/hu\/wp-json\/wp\/v2\/pages\/1468\/revisions"}],"predecessor-version":[{"id":3709,"href":"https:\/\/www.danubia.com\/hu\/wp-json\/wp\/v2\/pages\/1468\/revisions\/3709"}],"up":[{"embeddable":true,"href":"https:\/\/www.danubia.com\/hu\/wp-json\/wp\/v2\/pages\/922"}],"wp:attachment":[{"href":"https:\/\/www.danubia.com\/hu\/wp-json\/wp\/v2\/media?parent=1468"}],"curies":[{"name":"wp","href":"https:\/\/api.w.org\/{rel}","templated":true}]}}