{"id":1489,"date":"2019-07-26T08:29:38","date_gmt":"2019-07-26T08:29:38","guid":{"rendered":"https:\/\/www.danubia.com\/?page_id=1489"},"modified":"2020-02-26T16:11:52","modified_gmt":"2020-02-26T16:11:52","slug":"erdely-peter","status":"publish","type":"page","link":"https:\/\/www.danubia.com\/hu\/munkatarsaink\/erdely-peter\/","title":{"rendered":"Erd\u00e9ly P\u00e9ter"},"content":{"rendered":"<p>[et_pb_section fb_built=&#8221;1&#8243; specialty=&#8221;on&#8221; _builder_version=&#8221;3.22&#8243; inner_max_width=&#8221;none&#8221;][et_pb_column type=&#8221;1_4&#8243; _builder_version=&#8221;3.25&#8243; custom_padding=&#8221;|||&#8221; custom_padding__hover=&#8221;|||&#8221;][et_pb_image src=&#8221;https:\/\/www.danubia.com\/wp-content\/uploads\/2019\/06\/Erdely-Peter.jpg&#8221; align_tablet=&#8221;center&#8221; align_phone=&#8221;&#8221; align_last_edited=&#8221;on|desktop&#8221; _builder_version=&#8221;3.23&#8243; custom_margin=&#8221;||0px|&#8221; custom_padding=&#8221;||15px|&#8221; animation_style=&#8221;fade&#8221; z_index_tablet=&#8221;500&#8243;][\/et_pb_image][et_pb_text _builder_version=&#8221;3.27.4&#8243; text_font_size=&#8221;14px&#8221; custom_margin=&#8221;||0px|&#8221; custom_padding=&#8221;||15px|&#8221; z_index_tablet=&#8221;500&#8243;]<\/p>\n<p><strong>(+36 1) 411-8723<\/strong><br \/><strong><a href=\"mailto:erdely@danubia.hu\">erdely@danubia.hu<\/a><\/strong><\/p>\n<p>[\/et_pb_text][et_pb_image src=&#8221;https:\/\/www.danubia.com\/wp-content\/uploads\/2020\/01\/LinkedIn-logo.png&#8221; url=&#8221;https:\/\/www.linkedin.com\/company\/danubia-patent-and-law-office-llc\/&#8221; url_new_window=&#8221;on&#8221; admin_label=&#8221;LinkedIn&#8221; _builder_version=&#8221;4.0.4&#8243; max_width=&#8221;30px&#8221; module_alignment=&#8221;left&#8221;][\/et_pb_image][\/et_pb_column][et_pb_column type=&#8221;3_4&#8243; specialty_columns=&#8221;3&#8243; _builder_version=&#8221;3.25&#8243; custom_padding=&#8221;|||&#8221; custom_padding__hover=&#8221;|||&#8221;][et_pb_row_inner admin_label=&#8221;Sor&#8221; _builder_version=&#8221;3.25&#8243;][et_pb_column_inner saved_specialty_column_type=&#8221;3_4&#8243; _builder_version=&#8221;3.25&#8243; custom_padding=&#8221;|||&#8221; custom_padding__hover=&#8221;|||&#8221;][et_pb_text admin_label=&#8221;N\u00e9v&#8221; _builder_version=&#8221;3.27.4&#8243; text_font=&#8221;Raleway|700||on|||||&#8221; text_text_color=&#8221;#a6192e&#8221; text_font_size=&#8221;36px&#8221; header_font=&#8221;Raleway|700||on|||||&#8221; header_text_align=&#8221;center&#8221; header_text_color=&#8221;#ffffff&#8221; header_font_size=&#8221;50px&#8221; header_line_height=&#8221;1.4em&#8221; custom_margin=&#8221;||0px|&#8221; custom_padding=&#8221;||15px|&#8221; z_index_tablet=&#8221;500&#8243; text_font_size_tablet=&#8221;30px&#8221; text_font_size_phone=&#8221;22px&#8221; text_font_size_last_edited=&#8221;on|desktop&#8221; header_font_size_tablet=&#8221;30px&#8221; header_font_size_phone=&#8221;22px&#8221; header_font_size_last_edited=&#8221;on|desktop&#8221;]<\/p>\n<p>\nErd\u00e9ly P\u00e9ter<\/p>\n<p>[\/et_pb_text][et_pb_text admin_label=&#8221;poz\u00edci\u00f3&#8221; _builder_version=&#8221;3.27.4&#8243; text_font=&#8221;Raleway|700|||||||&#8221; text_text_color=&#8221;#63666a&#8221; text_font_size=&#8221;18px&#8221; custom_margin=&#8221;||0px|&#8221; custom_padding=&#8221;||10px|&#8221; z_index_tablet=&#8221;500&#8243; text_font_size_tablet=&#8221;20px&#8221; text_font_size_phone=&#8221;&#8221; text_font_size_last_edited=&#8221;on|desktop&#8221;]<\/p>\n<p>\neur\u00f3pai \u00e9s magyar szabadalmi \u00fcgyviv\u0151<br \/>partner<br \/>okl. g\u00e9p\u00e9szm\u00e9rn\u00f6k<\/p>\n<p>[\/et_pb_text][et_pb_divider divider_position=&#8221;center&#8221; divider_weight=&#8221;3&#8243; _builder_version=&#8221;3.21.1&#8243; max_width=&#8221;50px&#8221; module_alignment=&#8221;left&#8221; height=&#8221;0px&#8221; animation_style=&#8221;zoom&#8221; z_index_tablet=&#8221;500&#8243;][\/et_pb_divider][et_pb_text admin_label=&#8221;Le\u00edr\u00e1s&#8221; _builder_version=&#8221;3.27.4&#8243; text_orientation=&#8221;justified&#8221; z_index_tablet=&#8221;500&#8243;]<\/p>\n<p>Erd\u00e9ly P\u00e9ter els\u0151sorban koh\u00e1szati t\u00e9m\u00e1j\u00fa \u00e9s seb\u00e9szeti m\u0171szerekre vonatkoz\u00f3 \u00fcgyekkel foglalkozik. Sz\u00e1mos bitorl\u00e1si \u00fcgyben \u00e9s egy\u00e9b jogvit\u00e1ban, valamint szellemi term\u00e9kek \u00e9rt\u00e9kbecsl\u00e9s\u00e9ben szerzett tapasztalatot.<\/p>\n<p>1971-t\u0151l tagja a Danubia Kft.-nek, 1993-t\u00f3l 2003-ig \u00fcgyvezet\u0151.<br \/>Az egyetemen v\u00e9gzett tudom\u00e1nyos di\u00e1kk\u00f6ri munka folytat\u00e1sak\u00e9nt a Csepeli F\u00e9mm\u0171 Kutat\u00f3int\u00e9zet\u00e9ben dolgozott 1971-ig kutat\u00f3k\u00e9nt, majd t\u00e9mavezet\u0151k\u00e9nt f\u00e9mfizikai laborat\u00f3riumban. Szakter\u00fclete a magas olvad\u00e1spont\u00fa f\u00e9mek (wolfram, molibd\u00e9n) technol\u00f3gi\u00e1ja volt.<br \/>1970-ben egy elektronsugaras olvaszt\u00f3 berendez\u00e9s elektron-\u00e1gy\u00faj\u00e1nak terveivel elnyerte a Kiv\u00e1l\u00f3 Ifj\u00fa M\u00e9rn\u00f6k c\u00edmet.<\/p>\n<p>P\u00e9ter 1974 \u00f3ta magyar, 2002 \u00f3ta eur\u00f3pai szabadalmi \u00fcgyviv\u0151.<br \/>1967-ben diplom\u00e1zott a Budapesti M\u0171szaki Egyetem G\u00e9p\u00e9szm\u00e9rn\u00f6ki Kar\u00e1n.<\/p>\n<p><strong><span style=\"color: #a6192e;\">Nyelvtud\u00e1s:<\/span> <\/strong><br \/>angol, n\u00e9met, francia, orosz<\/p>\n<p>[\/et_pb_text][\/et_pb_column_inner][\/et_pb_row_inner][et_pb_row_inner _builder_version=&#8221;4.0.4&#8243;][et_pb_column_inner saved_specialty_column_type=&#8221;3_4&#8243; _builder_version=&#8221;4.0.4&#8243;][et_pb_text admin_label=&#8221;Szakmai tags\u00e1gok&#8221; _builder_version=&#8221;3.27.4&#8243; text_font=&#8221;Raleway|700|||||||&#8221; text_text_color=&#8221;#a6192e&#8221; z_index_tablet=&#8221;500&#8243;]<\/p>\n<p>Szakmai tags\u00e1gok<\/p>\n<p>[\/et_pb_text][et_pb_text admin_label=&#8221;Szakmai tags\u00e1gok felsorol\u00e1s&#8221; _builder_version=&#8221;3.27.4&#8243; z_index_tablet=&#8221;500&#8243;]<\/p>\n<p>\n<span style=\"color: #a6192e;\">\u00bb<\/span> MIE eln\u00f6ks\u00e9git tag<br \/><span style=\"color: #a6192e;\">\u00bb<\/span> 2005-t\u0151l 2007-ig a Szabadalmi \u00dcgyviv\u0151 Kamara eln\u00f6ke<br \/><span style=\"color: #a6192e;\">\u00bb<\/span> 2000-t\u0151l 2004-ig a Magyar Iparjogv\u00e9delmi Egyes\u00fclet Tal\u00e1lm\u00e1nyi Szabadalmi Szakoszt\u00e1ly\u00e1nak vezet\u0151je<\/p>\n<p>[\/et_pb_text][\/et_pb_column_inner][\/et_pb_row_inner][\/et_pb_column][\/et_pb_section]<\/p>\n","protected":false},"excerpt":{"rendered":"<p>(+36 1) 411-8723erdely@danubia.hu Erd\u00e9ly P\u00e9ter eur\u00f3pai \u00e9s magyar szabadalmi \u00fcgyviv\u0151partnerokl. g\u00e9p\u00e9szm\u00e9rn\u00f6k Erd\u00e9ly P\u00e9ter els\u0151sorban koh\u00e1szati t\u00e9m\u00e1j\u00fa \u00e9s seb\u00e9szeti m\u0171szerekre vonatkoz\u00f3 \u00fcgyekkel foglalkozik. Sz\u00e1mos bitorl\u00e1si \u00fcgyben \u00e9s egy\u00e9b jogvit\u00e1ban, valamint szellemi term\u00e9kek \u00e9rt\u00e9kbecsl\u00e9s\u00e9ben szerzett tapasztalatot. 1971-t\u0151l tagja a Danubia Kft.-nek, 1993-t\u00f3l 2003-ig \u00fcgyvezet\u0151.Az egyetemen v\u00e9gzett tudom\u00e1nyos di\u00e1kk\u00f6ri munka folytat\u00e1sak\u00e9nt a Csepeli F\u00e9mm\u0171 Kutat\u00f3int\u00e9zet\u00e9ben dolgozott 1971-ig kutat\u00f3k\u00e9nt, [&hellip;]<\/p>\n","protected":false},"author":1,"featured_media":0,"parent":922,"menu_order":0,"comment_status":"closed","ping_status":"closed","template":"","meta":{"_et_pb_use_builder":"on","_et_pb_old_content":"","_et_gb_content_width":"","footnotes":""},"class_list":["post-1489","page","type-page","status-publish","hentry"],"yoast_head":"<!-- This site is optimized with the Yoast SEO plugin v27.3 - https:\/\/yoast.com\/product\/yoast-seo-wordpress\/ -->\n<title>Erd\u00e9ly P\u00e9ter - DANUBIA Szabadalmi \u00e9s Jogi Iroda<\/title>\n<meta name=\"description\" content=\"Eur\u00f3pai \u00e9s magyar szabadalmi \u00fcgyviv\u0151. Szabadalombitorl\u00e1s, szellemi term\u00e9kek \u00e9rt\u00e9kbecsl\u00e9se, szabadalmaztat\u00e1s, szabadalmi oltalom, szabadalmi bejelent\u00e9s.\" \/>\n<meta name=\"robots\" content=\"index, follow, max-snippet:-1, max-image-preview:large, max-video-preview:-1\" \/>\n<link rel=\"canonical\" href=\"https:\/\/www.danubia.com\/hu\/munkatarsaink\/erdely-peter\/\" \/>\n<meta property=\"og:locale\" content=\"hu_HU\" \/>\n<meta property=\"og:type\" content=\"article\" \/>\n<meta property=\"og:title\" content=\"Erd\u00e9ly P\u00e9ter - DANUBIA Szabadalmi \u00e9s Jogi Iroda\" \/>\n<meta property=\"og:description\" content=\"Eur\u00f3pai \u00e9s magyar szabadalmi \u00fcgyviv\u0151. Szabadalombitorl\u00e1s, szellemi term\u00e9kek \u00e9rt\u00e9kbecsl\u00e9se, szabadalmaztat\u00e1s, szabadalmi oltalom, szabadalmi bejelent\u00e9s.\" \/>\n<meta property=\"og:url\" content=\"https:\/\/www.danubia.com\/hu\/munkatarsaink\/erdely-peter\/\" \/>\n<meta property=\"og:site_name\" content=\"Danubia\" \/>\n<meta property=\"article:modified_time\" content=\"2020-02-26T16:11:52+00:00\" \/>\n<meta property=\"og:image\" content=\"https:\/\/www.danubia.com\/wp-content\/uploads\/2019\/11\/Danubia-og-hu.jpg\" \/>\n\t<meta property=\"og:image:width\" content=\"1125\" \/>\n\t<meta property=\"og:image:height\" content=\"633\" \/>\n\t<meta property=\"og:image:type\" content=\"image\/jpeg\" \/>\n<meta name=\"twitter:card\" content=\"summary_large_image\" \/>\n<meta name=\"twitter:label1\" content=\"Becs\u00fclt olvas\u00e1si id\u0151\" \/>\n\t<meta name=\"twitter:data1\" content=\"3 perc\" \/>\n<script type=\"application\/ld+json\" class=\"yoast-schema-graph\">{\"@context\":\"https:\\\/\\\/schema.org\",\"@graph\":[{\"@type\":\"WebPage\",\"@id\":\"https:\\\/\\\/www.danubia.com\\\/hu\\\/munkatarsaink\\\/erdely-peter\\\/\",\"url\":\"https:\\\/\\\/www.danubia.com\\\/hu\\\/munkatarsaink\\\/erdely-peter\\\/\",\"name\":\"Erd\u00e9ly P\u00e9ter - DANUBIA Szabadalmi \u00e9s Jogi Iroda\",\"isPartOf\":{\"@id\":\"https:\\\/\\\/www.danubia.com\\\/#website\"},\"datePublished\":\"2019-07-26T08:29:38+00:00\",\"dateModified\":\"2020-02-26T16:11:52+00:00\",\"description\":\"Eur\u00f3pai \u00e9s magyar szabadalmi \u00fcgyviv\u0151. Szabadalombitorl\u00e1s, szellemi term\u00e9kek \u00e9rt\u00e9kbecsl\u00e9se, szabadalmaztat\u00e1s, szabadalmi oltalom, szabadalmi bejelent\u00e9s.\",\"breadcrumb\":{\"@id\":\"https:\\\/\\\/www.danubia.com\\\/hu\\\/munkatarsaink\\\/erdely-peter\\\/#breadcrumb\"},\"inLanguage\":\"hu\",\"potentialAction\":[{\"@type\":\"ReadAction\",\"target\":[\"https:\\\/\\\/www.danubia.com\\\/hu\\\/munkatarsaink\\\/erdely-peter\\\/\"]}]},{\"@type\":\"BreadcrumbList\",\"@id\":\"https:\\\/\\\/www.danubia.com\\\/hu\\\/munkatarsaink\\\/erdely-peter\\\/#breadcrumb\",\"itemListElement\":[{\"@type\":\"ListItem\",\"position\":1,\"name\":\"Home\",\"item\":\"https:\\\/\\\/www.danubia.com\\\/hu\\\/\"},{\"@type\":\"ListItem\",\"position\":2,\"name\":\"Munkat\u00e1rsaink\",\"item\":\"https:\\\/\\\/www.danubia.com\\\/hu\\\/munkatarsaink\\\/\"},{\"@type\":\"ListItem\",\"position\":3,\"name\":\"Erd\u00e9ly P\u00e9ter\"}]},{\"@type\":\"WebSite\",\"@id\":\"https:\\\/\\\/www.danubia.com\\\/#website\",\"url\":\"https:\\\/\\\/www.danubia.com\\\/\",\"name\":\"Danubia\",\"description\":\"\",\"potentialAction\":[{\"@type\":\"SearchAction\",\"target\":{\"@type\":\"EntryPoint\",\"urlTemplate\":\"https:\\\/\\\/www.danubia.com\\\/?s={search_term_string}\"},\"query-input\":{\"@type\":\"PropertyValueSpecification\",\"valueRequired\":true,\"valueName\":\"search_term_string\"}}],\"inLanguage\":\"hu\"}]}<\/script>\n<!-- \/ Yoast SEO plugin. -->","yoast_head_json":{"title":"Erd\u00e9ly P\u00e9ter - DANUBIA Szabadalmi \u00e9s Jogi Iroda","description":"Eur\u00f3pai \u00e9s magyar szabadalmi \u00fcgyviv\u0151. Szabadalombitorl\u00e1s, szellemi term\u00e9kek \u00e9rt\u00e9kbecsl\u00e9se, szabadalmaztat\u00e1s, szabadalmi oltalom, szabadalmi bejelent\u00e9s.","robots":{"index":"index","follow":"follow","max-snippet":"max-snippet:-1","max-image-preview":"max-image-preview:large","max-video-preview":"max-video-preview:-1"},"canonical":"https:\/\/www.danubia.com\/hu\/munkatarsaink\/erdely-peter\/","og_locale":"hu_HU","og_type":"article","og_title":"Erd\u00e9ly P\u00e9ter - DANUBIA Szabadalmi \u00e9s Jogi Iroda","og_description":"Eur\u00f3pai \u00e9s magyar szabadalmi \u00fcgyviv\u0151. Szabadalombitorl\u00e1s, szellemi term\u00e9kek \u00e9rt\u00e9kbecsl\u00e9se, szabadalmaztat\u00e1s, szabadalmi oltalom, szabadalmi bejelent\u00e9s.","og_url":"https:\/\/www.danubia.com\/hu\/munkatarsaink\/erdely-peter\/","og_site_name":"Danubia","article_modified_time":"2020-02-26T16:11:52+00:00","og_image":[{"width":1125,"height":633,"url":"https:\/\/www.danubia.com\/wp-content\/uploads\/2019\/11\/Danubia-og-hu.jpg","type":"image\/jpeg"}],"twitter_card":"summary_large_image","twitter_misc":{"Becs\u00fclt olvas\u00e1si id\u0151":"3 perc"},"schema":{"@context":"https:\/\/schema.org","@graph":[{"@type":"WebPage","@id":"https:\/\/www.danubia.com\/hu\/munkatarsaink\/erdely-peter\/","url":"https:\/\/www.danubia.com\/hu\/munkatarsaink\/erdely-peter\/","name":"Erd\u00e9ly P\u00e9ter - DANUBIA Szabadalmi \u00e9s Jogi Iroda","isPartOf":{"@id":"https:\/\/www.danubia.com\/#website"},"datePublished":"2019-07-26T08:29:38+00:00","dateModified":"2020-02-26T16:11:52+00:00","description":"Eur\u00f3pai \u00e9s magyar szabadalmi \u00fcgyviv\u0151. Szabadalombitorl\u00e1s, szellemi term\u00e9kek \u00e9rt\u00e9kbecsl\u00e9se, szabadalmaztat\u00e1s, szabadalmi oltalom, szabadalmi bejelent\u00e9s.","breadcrumb":{"@id":"https:\/\/www.danubia.com\/hu\/munkatarsaink\/erdely-peter\/#breadcrumb"},"inLanguage":"hu","potentialAction":[{"@type":"ReadAction","target":["https:\/\/www.danubia.com\/hu\/munkatarsaink\/erdely-peter\/"]}]},{"@type":"BreadcrumbList","@id":"https:\/\/www.danubia.com\/hu\/munkatarsaink\/erdely-peter\/#breadcrumb","itemListElement":[{"@type":"ListItem","position":1,"name":"Home","item":"https:\/\/www.danubia.com\/hu\/"},{"@type":"ListItem","position":2,"name":"Munkat\u00e1rsaink","item":"https:\/\/www.danubia.com\/hu\/munkatarsaink\/"},{"@type":"ListItem","position":3,"name":"Erd\u00e9ly P\u00e9ter"}]},{"@type":"WebSite","@id":"https:\/\/www.danubia.com\/#website","url":"https:\/\/www.danubia.com\/","name":"Danubia","description":"","potentialAction":[{"@type":"SearchAction","target":{"@type":"EntryPoint","urlTemplate":"https:\/\/www.danubia.com\/?s={search_term_string}"},"query-input":{"@type":"PropertyValueSpecification","valueRequired":true,"valueName":"search_term_string"}}],"inLanguage":"hu"}]}},"_links":{"self":[{"href":"https:\/\/www.danubia.com\/hu\/wp-json\/wp\/v2\/pages\/1489","targetHints":{"allow":["GET"]}}],"collection":[{"href":"https:\/\/www.danubia.com\/hu\/wp-json\/wp\/v2\/pages"}],"about":[{"href":"https:\/\/www.danubia.com\/hu\/wp-json\/wp\/v2\/types\/page"}],"author":[{"embeddable":true,"href":"https:\/\/www.danubia.com\/hu\/wp-json\/wp\/v2\/users\/1"}],"replies":[{"embeddable":true,"href":"https:\/\/www.danubia.com\/hu\/wp-json\/wp\/v2\/comments?post=1489"}],"version-history":[{"count":8,"href":"https:\/\/www.danubia.com\/hu\/wp-json\/wp\/v2\/pages\/1489\/revisions"}],"predecessor-version":[{"id":4086,"href":"https:\/\/www.danubia.com\/hu\/wp-json\/wp\/v2\/pages\/1489\/revisions\/4086"}],"up":[{"embeddable":true,"href":"https:\/\/www.danubia.com\/hu\/wp-json\/wp\/v2\/pages\/922"}],"wp:attachment":[{"href":"https:\/\/www.danubia.com\/hu\/wp-json\/wp\/v2\/media?parent=1489"}],"curies":[{"name":"wp","href":"https:\/\/api.w.org\/{rel}","templated":true}]}}