{"id":1495,"date":"2019-07-26T08:31:58","date_gmt":"2019-07-26T08:31:58","guid":{"rendered":"https:\/\/www.danubia.com\/?page_id=1495"},"modified":"2020-02-05T15:19:21","modified_gmt":"2020-02-05T15:19:21","slug":"sari-tamas-gusztav","status":"publish","type":"page","link":"https:\/\/www.danubia.com\/hu\/munkatarsaink\/sari-tamas-gusztav\/","title":{"rendered":"S\u00e1ri Tam\u00e1s Guszt\u00e1v"},"content":{"rendered":"<p>[et_pb_section fb_built=&#8221;1&#8243; specialty=&#8221;on&#8221; _builder_version=&#8221;3.22&#8243; inner_max_width=&#8221;none&#8221;][et_pb_column type=&#8221;1_4&#8243; _builder_version=&#8221;3.25&#8243; custom_padding=&#8221;|||&#8221; custom_padding__hover=&#8221;|||&#8221;][et_pb_image src=&#8221;https:\/\/www.danubia.com\/wp-content\/uploads\/2019\/06\/Sari-Tamas-Gusztav.jpg&#8221; align_tablet=&#8221;center&#8221; align_phone=&#8221;&#8221; align_last_edited=&#8221;on|desktop&#8221; _builder_version=&#8221;3.23&#8243; custom_margin=&#8221;||0px|&#8221; custom_padding=&#8221;||15px|&#8221; animation_style=&#8221;fade&#8221; z_index_tablet=&#8221;500&#8243;][\/et_pb_image][et_pb_text _builder_version=&#8221;3.27.4&#8243; text_font_size=&#8221;14px&#8221; custom_margin=&#8221;||0px|&#8221; custom_padding=&#8221;||15px|&#8221; z_index_tablet=&#8221;500&#8243;]<\/p>\n<p><strong>(+36 1) 411-8701<\/strong><br \/><strong><a href=\"mailto:saritg@danubia.hu\">saritg@danubia.hu<\/a><\/strong><\/p>\n<p>[\/et_pb_text][et_pb_image src=&#8221;https:\/\/www.danubia.com\/wp-content\/uploads\/2020\/01\/LinkedIn-logo.png&#8221; url=&#8221;https:\/\/www.linkedin.com\/company\/danubia-patent-and-law-office-llc\/&#8221; url_new_window=&#8221;on&#8221; admin_label=&#8221;LinkedIn&#8221; _builder_version=&#8221;4.0.4&#8243; max_width=&#8221;30px&#8221; module_alignment=&#8221;left&#8221;][\/et_pb_image][\/et_pb_column][et_pb_column type=&#8221;3_4&#8243; specialty_columns=&#8221;3&#8243; _builder_version=&#8221;3.25&#8243; custom_padding=&#8221;|||&#8221; custom_padding__hover=&#8221;|||&#8221;][et_pb_row_inner admin_label=&#8221;Sor&#8221; _builder_version=&#8221;3.25&#8243;][et_pb_column_inner saved_specialty_column_type=&#8221;3_4&#8243; _builder_version=&#8221;3.25&#8243; custom_padding=&#8221;|||&#8221; custom_padding__hover=&#8221;|||&#8221;][et_pb_text admin_label=&#8221;N\u00e9v&#8221; _builder_version=&#8221;3.27.4&#8243; text_font=&#8221;Raleway|700||on|||||&#8221; text_text_color=&#8221;#a6192e&#8221; text_font_size=&#8221;36px&#8221; header_font=&#8221;Raleway|700||on|||||&#8221; header_text_align=&#8221;center&#8221; header_text_color=&#8221;#ffffff&#8221; header_font_size=&#8221;50px&#8221; header_line_height=&#8221;1.4em&#8221; custom_margin=&#8221;||0px|&#8221; custom_padding=&#8221;||15px|&#8221; z_index_tablet=&#8221;500&#8243; text_font_size_tablet=&#8221;30px&#8221; text_font_size_phone=&#8221;22px&#8221; text_font_size_last_edited=&#8221;on|desktop&#8221; header_font_size_tablet=&#8221;30px&#8221; header_font_size_phone=&#8221;22px&#8221; header_font_size_last_edited=&#8221;on|desktop&#8221;]<\/p>\n<p>\nS\u00e1ri Tam\u00e1s Guszt\u00e1v<\/p>\n<p>[\/et_pb_text][et_pb_text admin_label=&#8221;poz\u00edci\u00f3&#8221; _builder_version=&#8221;3.27.4&#8243; text_font=&#8221;Raleway|700|||||||&#8221; text_text_color=&#8221;#63666a&#8221; text_font_size=&#8221;18px&#8221; custom_margin=&#8221;||0px|&#8221; custom_padding=&#8221;||10px|&#8221; z_index_tablet=&#8221;500&#8243; text_font_size_tablet=&#8221;20px&#8221; text_font_size_phone=&#8221;&#8221; text_font_size_last_edited=&#8221;on|desktop&#8221;]eur\u00f3pai \u00e9s magyar szabadalmi \u00fcgyviv\u0151<br \/>\npartner<br \/>\nokl. villamosm\u00e9rn\u00f6k<br \/>\n[\/et_pb_text][et_pb_divider divider_position=&#8221;center&#8221; divider_weight=&#8221;3&#8243; _builder_version=&#8221;3.21.1&#8243; max_width=&#8221;50px&#8221; module_alignment=&#8221;left&#8221; height=&#8221;0px&#8221; animation_style=&#8221;zoom&#8221; z_index_tablet=&#8221;500&#8243;][\/et_pb_divider][et_pb_text admin_label=&#8221;Le\u00edr\u00e1s&#8221; _builder_version=&#8221;3.27.4&#8243; text_orientation=&#8221;justified&#8221; z_index_tablet=&#8221;500&#8243;]<\/p>\n<p>S\u00e1ri Tam\u00e1s Guszt\u00e1v els\u0151sorban a k\u00fclf\u00f6ldi szabadalmi, haszn\u00e1lati mintaoltalmi, valamint formatervez\u00e9si mintaoltalmi bejelent\u00e9sek megind\u00edt\u00e1s\u00e1nak \u00e9s formalit\u00e1sainak k\u00e9rd\u00e9sk\u00f6r\u00e9vel foglalkozik \u00fagy a vegy\u00e9szeti \u00e9s biotechnol\u00f3giai, mint a g\u00e9p\u00e9szeti \u00e9s villamos szakter\u00fclet vonatkoz\u00e1s\u00e1ban, ide\u00e9rtve a nemzetk\u00f6zi szabadalmi bejelent\u00e9seket, eur\u00f3pai szabadalmi bejelent\u00e9seket \u00e9s egy\u00e9b k\u00fclf\u00f6ldi bejelent\u00e9seket, valamint a megadott eur\u00f3pai szabadalmak k\u00fclf\u00f6ldi \u00e9rv\u00e9nyes\u00edt\u00e9s\u00e9t is.<\/p>\n<p>2000 \u00f3ta a Danubia Szabadalmi \u00e9s Jogi Iroda Kft-n\u00e9l (illetve jogel\u0151dj\u00e9n\u00e9l) tev\u00e9kenykedik, 2004 \u00f3ta partnerk\u00e9nt. 2002 \u00f3ta tagja a Danubia Szabadalmi \u00e9s Jogi Iroda Kft. tan\u00e1csad\u00f3 test\u00fclet\u00e9nek (Board).<br \/>1999\u20132000-ben egy \u00e9ven \u00e1t a Radio News Kft. (R\u00e1di\u00f3 H\u00edrszolg\u00e1lat) m\u0171szaki vezet\u0151je, ezt megel\u0151z\u0151en 1995-t\u0151l n\u00e9gy \u00e9ven \u00e1t az Inf\u00f3rum R\u00e1di\u00f3 vezet\u0151 hangm\u00e9rn\u00f6ke, illetve a Sztere\u00f3 \u00e9s az Audi\u00f3 magazinokban jelentek meg \u00edr\u00e1sai.<\/p>\n<p>Guszt\u00e1v 2003. \u00f3ta magyar \u00e9s eur\u00f3pai szabadalmi \u00fcgyviv\u0151.<br \/>1995-ben szerezte meg villamosm\u00e9rn\u00f6ki oklevel\u00e9t a Budapesti M\u0171szaki Egyetem Villamosm\u00e9rn\u00f6ki \u00e9s Informatikai Kar\u00e1n.<\/p>\n<p><span style=\"color: #a6192e;\"><strong>Nyelvtud\u00e1s:<\/strong><\/span><br \/>angol<\/p>\n<p>[\/et_pb_text][\/et_pb_column_inner][\/et_pb_row_inner][et_pb_row_inner column_structure=&#8221;1_2,1_2&#8243; admin_label=&#8221;Sor&#8221; _builder_version=&#8221;3.25&#8243;][et_pb_column_inner type=&#8221;1_2&#8243; saved_specialty_column_type=&#8221;3_4&#8243; _builder_version=&#8221;3.25&#8243; custom_padding=&#8221;|||&#8221; custom_padding__hover=&#8221;|||&#8221;][et_pb_text admin_label=&#8221;Szakmai tags\u00e1gok&#8221; _builder_version=&#8221;3.27.4&#8243; text_font=&#8221;Raleway|700|||||||&#8221; text_text_color=&#8221;#a6192e&#8221; z_index_tablet=&#8221;500&#8243;]<\/p>\n<p>Szakmai tags\u00e1gok<\/p>\n<p>[\/et_pb_text][et_pb_text admin_label=&#8221;Szakmai tags\u00e1gok felsorol\u00e1s&#8221; _builder_version=&#8221;3.27.4&#8243; z_index_tablet=&#8221;500&#8243;]<span style=\"color: #a6192e;\">\u00bb<\/span> 2000-t\u0151l szabadalmi \u00fcgyviv\u0151jel\u00f6ltk\u00e9nt, majd 2003-t\u00f3l szabadalmi \u00fcgyviv\u0151k\u00e9nt tagja a Magyar Szabadalmi \u00dcgyviv\u0151i Kamar\u00e1nak.<br \/>\n<span style=\"color: #a6192e;\">\u00bb<\/span> 2004 \u00f3ta eur\u00f3pai szabadalmi \u00fcgyviv\u0151k\u00e9nt az epi (European Patent Institute, azaz az eur\u00f3pai szabadalmi \u00fcgyviv\u0151i kamara) tagja.<br \/>\n<span style=\"color: #a6192e;\">\u00bb<\/span> 2000-t\u0151l a Magyar Iparjogv\u00e9delmi \u00e9s Szerz\u0151i Jogi Egyes\u00fclet (MIE) tagja<br \/>\n[\/et_pb_text][\/et_pb_column_inner][et_pb_column_inner type=&#8221;1_2&#8243; saved_specialty_column_type=&#8221;3_4&#8243; _builder_version=&#8221;3.25&#8243; custom_padding=&#8221;|||&#8221; custom_padding__hover=&#8221;|||&#8221;][et_pb_text admin_label=&#8221;F\u0151bb szakter\u00fcletek&#8221; _builder_version=&#8221;3.27.4&#8243; text_font=&#8221;Raleway|700|||||||&#8221; text_text_color=&#8221;#a6192e&#8221; z_index_tablet=&#8221;500&#8243;]<\/p>\n<p>F\u0151bb szakter\u00fcletek<\/p>\n<p>[\/et_pb_text][et_pb_text admin_label=&#8221;F\u0151bb szakter\u00fcletek felsorol\u00e1s&#8221; _builder_version=&#8221;3.27.4&#8243; z_index_tablet=&#8221;500&#8243;]<span style=\"color: #a6192e;\">\u00bb<\/span> nemzetk\u00f6zi szabadalmi bejelent\u00e9sek, eur\u00f3pai szabadalmi bejelent\u00e9sek, k\u00fclf\u00f6ldi szabadalmi bejelent\u00e9sek, k\u00fclf\u00f6ldi haszn\u00e1lati mintaoltalmi bejelent\u00e9sek, k\u00fclf\u00f6ldi formatervez\u00e9si mintaoltalmi bejelent\u00e9sek, k\u00f6z\u00f6ss\u00e9gi formatervez\u00e9si mintaoltalmi bejelent\u00e9sek, nemzetk\u00f6zi formatervez\u00e9si mintaoltalmi bejelent\u00e9sek, eur\u00f3pai szabadalmak k\u00fclf\u00f6ldi \u00e9rv\u00e9nyes\u00edt\u00e9se<br \/>\n[\/et_pb_text][\/et_pb_column_inner][\/et_pb_row_inner][\/et_pb_column][\/et_pb_section]<\/p>\n","protected":false},"excerpt":{"rendered":"<p>(+36 1) 411-8701saritg@danubia.hu S\u00e1ri Tam\u00e1s Guszt\u00e1v eur\u00f3pai \u00e9s magyar szabadalmi \u00fcgyviv\u0151 partner okl. villamosm\u00e9rn\u00f6k S\u00e1ri Tam\u00e1s Guszt\u00e1v els\u0151sorban a k\u00fclf\u00f6ldi szabadalmi, haszn\u00e1lati mintaoltalmi, valamint formatervez\u00e9si mintaoltalmi bejelent\u00e9sek megind\u00edt\u00e1s\u00e1nak \u00e9s formalit\u00e1sainak k\u00e9rd\u00e9sk\u00f6r\u00e9vel foglalkozik \u00fagy a vegy\u00e9szeti \u00e9s biotechnol\u00f3giai, mint a g\u00e9p\u00e9szeti \u00e9s villamos szakter\u00fclet vonatkoz\u00e1s\u00e1ban, ide\u00e9rtve a nemzetk\u00f6zi szabadalmi bejelent\u00e9seket, eur\u00f3pai szabadalmi bejelent\u00e9seket \u00e9s egy\u00e9b k\u00fclf\u00f6ldi [&hellip;]<\/p>\n","protected":false},"author":1,"featured_media":0,"parent":922,"menu_order":0,"comment_status":"closed","ping_status":"closed","template":"","meta":{"_et_pb_use_builder":"on","_et_pb_old_content":"","_et_gb_content_width":"","footnotes":""},"class_list":["post-1495","page","type-page","status-publish","hentry"],"yoast_head":"<!-- This site is optimized with the Yoast SEO plugin v27.3 - https:\/\/yoast.com\/product\/yoast-seo-wordpress\/ -->\n<title>S\u00e1ri Tam\u00e1s Guszt\u00e1v - DANUBIA Szabadalmi \u00e9s Jogi Iroda<\/title>\n<meta name=\"description\" content=\"Eur\u00f3pai \u00e9s magyar szabadalmi \u00fcgyviv\u0151. K\u00fclf\u00f6ldi szabadalmi, haszn\u00e1lati mintaoltalmi, formatervez\u00e9si mintaoltalmi bejelent\u00e9sek, nemzetk\u00f6zi szabadalmi bejelent\u00e9sek\" \/>\n<meta name=\"robots\" content=\"index, follow, max-snippet:-1, max-image-preview:large, max-video-preview:-1\" \/>\n<link rel=\"canonical\" href=\"https:\/\/www.danubia.com\/hu\/munkatarsaink\/sari-tamas-gusztav\/\" \/>\n<meta property=\"og:locale\" content=\"hu_HU\" \/>\n<meta property=\"og:type\" content=\"article\" \/>\n<meta property=\"og:title\" content=\"S\u00e1ri Tam\u00e1s Guszt\u00e1v - DANUBIA Szabadalmi \u00e9s Jogi Iroda\" \/>\n<meta property=\"og:description\" content=\"Eur\u00f3pai \u00e9s magyar szabadalmi \u00fcgyviv\u0151. K\u00fclf\u00f6ldi szabadalmi, haszn\u00e1lati mintaoltalmi, formatervez\u00e9si mintaoltalmi bejelent\u00e9sek, nemzetk\u00f6zi szabadalmi bejelent\u00e9sek\" \/>\n<meta property=\"og:url\" content=\"https:\/\/www.danubia.com\/hu\/munkatarsaink\/sari-tamas-gusztav\/\" \/>\n<meta property=\"og:site_name\" content=\"Danubia\" \/>\n<meta property=\"article:modified_time\" content=\"2020-02-05T15:19:21+00:00\" \/>\n<meta property=\"og:image\" content=\"https:\/\/www.danubia.com\/wp-content\/uploads\/2019\/11\/Danubia-og-hu.jpg\" \/>\n\t<meta property=\"og:image:width\" content=\"1125\" \/>\n\t<meta property=\"og:image:height\" content=\"633\" \/>\n\t<meta property=\"og:image:type\" content=\"image\/jpeg\" \/>\n<meta name=\"twitter:card\" content=\"summary_large_image\" \/>\n<meta name=\"twitter:label1\" content=\"Becs\u00fclt olvas\u00e1si id\u0151\" \/>\n\t<meta name=\"twitter:data1\" content=\"4 perc\" \/>\n<script type=\"application\/ld+json\" class=\"yoast-schema-graph\">{\"@context\":\"https:\\\/\\\/schema.org\",\"@graph\":[{\"@type\":\"WebPage\",\"@id\":\"https:\\\/\\\/www.danubia.com\\\/hu\\\/munkatarsaink\\\/sari-tamas-gusztav\\\/\",\"url\":\"https:\\\/\\\/www.danubia.com\\\/hu\\\/munkatarsaink\\\/sari-tamas-gusztav\\\/\",\"name\":\"S\u00e1ri Tam\u00e1s Guszt\u00e1v - DANUBIA Szabadalmi \u00e9s Jogi Iroda\",\"isPartOf\":{\"@id\":\"https:\\\/\\\/www.danubia.com\\\/#website\"},\"datePublished\":\"2019-07-26T08:31:58+00:00\",\"dateModified\":\"2020-02-05T15:19:21+00:00\",\"description\":\"Eur\u00f3pai \u00e9s magyar szabadalmi \u00fcgyviv\u0151. K\u00fclf\u00f6ldi szabadalmi, haszn\u00e1lati mintaoltalmi, formatervez\u00e9si mintaoltalmi bejelent\u00e9sek, nemzetk\u00f6zi szabadalmi bejelent\u00e9sek\",\"breadcrumb\":{\"@id\":\"https:\\\/\\\/www.danubia.com\\\/hu\\\/munkatarsaink\\\/sari-tamas-gusztav\\\/#breadcrumb\"},\"inLanguage\":\"hu\",\"potentialAction\":[{\"@type\":\"ReadAction\",\"target\":[\"https:\\\/\\\/www.danubia.com\\\/hu\\\/munkatarsaink\\\/sari-tamas-gusztav\\\/\"]}]},{\"@type\":\"BreadcrumbList\",\"@id\":\"https:\\\/\\\/www.danubia.com\\\/hu\\\/munkatarsaink\\\/sari-tamas-gusztav\\\/#breadcrumb\",\"itemListElement\":[{\"@type\":\"ListItem\",\"position\":1,\"name\":\"Home\",\"item\":\"https:\\\/\\\/www.danubia.com\\\/hu\\\/\"},{\"@type\":\"ListItem\",\"position\":2,\"name\":\"Munkat\u00e1rsaink\",\"item\":\"https:\\\/\\\/www.danubia.com\\\/hu\\\/munkatarsaink\\\/\"},{\"@type\":\"ListItem\",\"position\":3,\"name\":\"S\u00e1ri Tam\u00e1s Guszt\u00e1v\"}]},{\"@type\":\"WebSite\",\"@id\":\"https:\\\/\\\/www.danubia.com\\\/#website\",\"url\":\"https:\\\/\\\/www.danubia.com\\\/\",\"name\":\"Danubia\",\"description\":\"\",\"potentialAction\":[{\"@type\":\"SearchAction\",\"target\":{\"@type\":\"EntryPoint\",\"urlTemplate\":\"https:\\\/\\\/www.danubia.com\\\/?s={search_term_string}\"},\"query-input\":{\"@type\":\"PropertyValueSpecification\",\"valueRequired\":true,\"valueName\":\"search_term_string\"}}],\"inLanguage\":\"hu\"}]}<\/script>\n<!-- \/ Yoast SEO plugin. -->","yoast_head_json":{"title":"S\u00e1ri Tam\u00e1s Guszt\u00e1v - DANUBIA Szabadalmi \u00e9s Jogi Iroda","description":"Eur\u00f3pai \u00e9s magyar szabadalmi \u00fcgyviv\u0151. K\u00fclf\u00f6ldi szabadalmi, haszn\u00e1lati mintaoltalmi, formatervez\u00e9si mintaoltalmi bejelent\u00e9sek, nemzetk\u00f6zi szabadalmi bejelent\u00e9sek","robots":{"index":"index","follow":"follow","max-snippet":"max-snippet:-1","max-image-preview":"max-image-preview:large","max-video-preview":"max-video-preview:-1"},"canonical":"https:\/\/www.danubia.com\/hu\/munkatarsaink\/sari-tamas-gusztav\/","og_locale":"hu_HU","og_type":"article","og_title":"S\u00e1ri Tam\u00e1s Guszt\u00e1v - DANUBIA Szabadalmi \u00e9s Jogi Iroda","og_description":"Eur\u00f3pai \u00e9s magyar szabadalmi \u00fcgyviv\u0151. K\u00fclf\u00f6ldi szabadalmi, haszn\u00e1lati mintaoltalmi, formatervez\u00e9si mintaoltalmi bejelent\u00e9sek, nemzetk\u00f6zi szabadalmi bejelent\u00e9sek","og_url":"https:\/\/www.danubia.com\/hu\/munkatarsaink\/sari-tamas-gusztav\/","og_site_name":"Danubia","article_modified_time":"2020-02-05T15:19:21+00:00","og_image":[{"width":1125,"height":633,"url":"https:\/\/www.danubia.com\/wp-content\/uploads\/2019\/11\/Danubia-og-hu.jpg","type":"image\/jpeg"}],"twitter_card":"summary_large_image","twitter_misc":{"Becs\u00fclt olvas\u00e1si id\u0151":"4 perc"},"schema":{"@context":"https:\/\/schema.org","@graph":[{"@type":"WebPage","@id":"https:\/\/www.danubia.com\/hu\/munkatarsaink\/sari-tamas-gusztav\/","url":"https:\/\/www.danubia.com\/hu\/munkatarsaink\/sari-tamas-gusztav\/","name":"S\u00e1ri Tam\u00e1s Guszt\u00e1v - DANUBIA Szabadalmi \u00e9s Jogi Iroda","isPartOf":{"@id":"https:\/\/www.danubia.com\/#website"},"datePublished":"2019-07-26T08:31:58+00:00","dateModified":"2020-02-05T15:19:21+00:00","description":"Eur\u00f3pai \u00e9s magyar szabadalmi \u00fcgyviv\u0151. K\u00fclf\u00f6ldi szabadalmi, haszn\u00e1lati mintaoltalmi, formatervez\u00e9si mintaoltalmi bejelent\u00e9sek, nemzetk\u00f6zi szabadalmi bejelent\u00e9sek","breadcrumb":{"@id":"https:\/\/www.danubia.com\/hu\/munkatarsaink\/sari-tamas-gusztav\/#breadcrumb"},"inLanguage":"hu","potentialAction":[{"@type":"ReadAction","target":["https:\/\/www.danubia.com\/hu\/munkatarsaink\/sari-tamas-gusztav\/"]}]},{"@type":"BreadcrumbList","@id":"https:\/\/www.danubia.com\/hu\/munkatarsaink\/sari-tamas-gusztav\/#breadcrumb","itemListElement":[{"@type":"ListItem","position":1,"name":"Home","item":"https:\/\/www.danubia.com\/hu\/"},{"@type":"ListItem","position":2,"name":"Munkat\u00e1rsaink","item":"https:\/\/www.danubia.com\/hu\/munkatarsaink\/"},{"@type":"ListItem","position":3,"name":"S\u00e1ri Tam\u00e1s Guszt\u00e1v"}]},{"@type":"WebSite","@id":"https:\/\/www.danubia.com\/#website","url":"https:\/\/www.danubia.com\/","name":"Danubia","description":"","potentialAction":[{"@type":"SearchAction","target":{"@type":"EntryPoint","urlTemplate":"https:\/\/www.danubia.com\/?s={search_term_string}"},"query-input":{"@type":"PropertyValueSpecification","valueRequired":true,"valueName":"search_term_string"}}],"inLanguage":"hu"}]}},"_links":{"self":[{"href":"https:\/\/www.danubia.com\/hu\/wp-json\/wp\/v2\/pages\/1495","targetHints":{"allow":["GET"]}}],"collection":[{"href":"https:\/\/www.danubia.com\/hu\/wp-json\/wp\/v2\/pages"}],"about":[{"href":"https:\/\/www.danubia.com\/hu\/wp-json\/wp\/v2\/types\/page"}],"author":[{"embeddable":true,"href":"https:\/\/www.danubia.com\/hu\/wp-json\/wp\/v2\/users\/1"}],"replies":[{"embeddable":true,"href":"https:\/\/www.danubia.com\/hu\/wp-json\/wp\/v2\/comments?post=1495"}],"version-history":[{"count":5,"href":"https:\/\/www.danubia.com\/hu\/wp-json\/wp\/v2\/pages\/1495\/revisions"}],"predecessor-version":[{"id":3712,"href":"https:\/\/www.danubia.com\/hu\/wp-json\/wp\/v2\/pages\/1495\/revisions\/3712"}],"up":[{"embeddable":true,"href":"https:\/\/www.danubia.com\/hu\/wp-json\/wp\/v2\/pages\/922"}],"wp:attachment":[{"href":"https:\/\/www.danubia.com\/hu\/wp-json\/wp\/v2\/media?parent=1495"}],"curies":[{"name":"wp","href":"https:\/\/api.w.org\/{rel}","templated":true}]}}