{"id":1514,"date":"2019-07-26T08:39:18","date_gmt":"2019-07-26T08:39:18","guid":{"rendered":"https:\/\/www.danubia.com\/?page_id=1514"},"modified":"2020-02-05T15:17:10","modified_gmt":"2020-02-05T15:17:10","slug":"milvich-adrienn","status":"publish","type":"page","link":"https:\/\/www.danubia.com\/hu\/munkatarsaink\/milvich-adrienn\/","title":{"rendered":"Milvich Adrienn"},"content":{"rendered":"<p>[et_pb_section fb_built=&#8221;1&#8243; specialty=&#8221;on&#8221; _builder_version=&#8221;3.22&#8243; inner_max_width=&#8221;none&#8221;][et_pb_column type=&#8221;1_4&#8243; _builder_version=&#8221;3.25&#8243; custom_padding=&#8221;|||&#8221; custom_padding__hover=&#8221;|||&#8221;][et_pb_image src=&#8221;https:\/\/www.danubia.com\/wp-content\/uploads\/2019\/06\/Milvich-Adrienn.jpg&#8221; align_tablet=&#8221;center&#8221; align_phone=&#8221;&#8221; align_last_edited=&#8221;on|desktop&#8221; _builder_version=&#8221;3.23&#8243; custom_margin=&#8221;||0px|&#8221; custom_padding=&#8221;||15px|&#8221; animation_style=&#8221;fade&#8221; z_index_tablet=&#8221;500&#8243;][\/et_pb_image][et_pb_text _builder_version=&#8221;3.27.4&#8243; text_font_size=&#8221;14px&#8221; custom_margin=&#8221;||0px|&#8221; custom_padding=&#8221;||15px|&#8221; z_index_tablet=&#8221;500&#8243;]<\/p>\n<p><strong>(+36 1) 411-8790<\/strong><br \/><strong><a href=\"mailto:m.adrienn@danubia.hu\">m.adrienn@danubia.hu<\/a><\/strong><\/p>\n<p>[\/et_pb_text][et_pb_image src=&#8221;https:\/\/www.danubia.com\/wp-content\/uploads\/2020\/01\/LinkedIn-logo.png&#8221; url=&#8221;https:\/\/www.linkedin.com\/company\/danubia-patent-and-law-office-llc\/&#8221; url_new_window=&#8221;on&#8221; admin_label=&#8221;LinkedIn&#8221; _builder_version=&#8221;4.0.4&#8243; max_width=&#8221;30px&#8221; module_alignment=&#8221;left&#8221;][\/et_pb_image][\/et_pb_column][et_pb_column type=&#8221;3_4&#8243; specialty_columns=&#8221;3&#8243; _builder_version=&#8221;3.25&#8243; custom_padding=&#8221;|||&#8221; custom_padding__hover=&#8221;|||&#8221;][et_pb_row_inner admin_label=&#8221;Sor&#8221; _builder_version=&#8221;3.25&#8243;][et_pb_column_inner saved_specialty_column_type=&#8221;3_4&#8243; _builder_version=&#8221;3.25&#8243; custom_padding=&#8221;|||&#8221; custom_padding__hover=&#8221;|||&#8221;][et_pb_text admin_label=&#8221;N\u00e9v&#8221; _builder_version=&#8221;3.27.4&#8243; text_font=&#8221;Raleway|700||on|||||&#8221; text_text_color=&#8221;#a6192e&#8221; text_font_size=&#8221;36px&#8221; header_font=&#8221;Raleway|700||on|||||&#8221; header_text_align=&#8221;center&#8221; header_text_color=&#8221;#ffffff&#8221; header_font_size=&#8221;50px&#8221; header_line_height=&#8221;1.4em&#8221; custom_margin=&#8221;||0px|&#8221; custom_padding=&#8221;||15px|&#8221; z_index_tablet=&#8221;500&#8243; text_font_size_tablet=&#8221;30px&#8221; text_font_size_phone=&#8221;22px&#8221; text_font_size_last_edited=&#8221;on|desktop&#8221; header_font_size_tablet=&#8221;30px&#8221; header_font_size_phone=&#8221;22px&#8221; header_font_size_last_edited=&#8221;on|desktop&#8221;]<\/p>\n<p>\nMilvich Adrienn<\/p>\n<p>[\/et_pb_text][et_pb_text admin_label=&#8221;poz\u00edci\u00f3&#8221; _builder_version=&#8221;3.27.4&#8243; text_font=&#8221;Raleway|700|||||||&#8221; text_text_color=&#8221;#63666a&#8221; text_font_size=&#8221;18px&#8221; custom_margin=&#8221;||0px|&#8221; custom_padding=&#8221;||10px|&#8221; z_index_tablet=&#8221;500&#8243; text_font_size_tablet=&#8221;20px&#8221; text_font_size_phone=&#8221;&#8221; text_font_size_last_edited=&#8221;on|desktop&#8221;]paralegal<br \/>\nv\u00e9djegykutat\u00e1si koordin\u00e1tor<br \/>\nv\u00e9djegy \u00fcgyint\u00e9z\u0151<br \/>\n[\/et_pb_text][et_pb_divider divider_position=&#8221;center&#8221; divider_weight=&#8221;3&#8243; _builder_version=&#8221;3.21.1&#8243; max_width=&#8221;50px&#8221; module_alignment=&#8221;left&#8221; height=&#8221;0px&#8221; animation_style=&#8221;zoom&#8221; z_index_tablet=&#8221;500&#8243;][\/et_pb_divider][et_pb_text admin_label=&#8221;Le\u00edr\u00e1s&#8221; _builder_version=&#8221;3.27.4&#8243; text_orientation=&#8221;justified&#8221; z_index_tablet=&#8221;500&#8243;]<\/p>\n<p>Milvich Adrienn a v\u00e9djegyoszt\u00e1ly \u00fcgyvezet\u0151je melletti adminisztr\u00e1ci\u00f3, \u00e9s a v\u00e9djegykutat\u00e1s koordin\u00e1l\u00e1sa mellett a v\u00e9djegyjog\u00e1szok napi \u00e9rdemi munk\u00e1j\u00e1ban vesz r\u00e9szt.<\/p>\n<p>M\u00e1r az egyetem elv\u00e9gz\u00e9se alatt dolgozott r\u00e9szmunkaid\u0151ben az irod\u00e1ban, majd 2003-t\u0151l teljes munkaid\u0151ben a szabadalmi \u00fcgyvitel ter\u00fclet\u00e9n, ahol \u00fcgyf\u00e9lkapcsolattal \u00e9s szabadalmi \u00e9vd\u00edjfizet\u00e9ssel foglalkozott. 2011-ben \u00e1llt munk\u00e1ba a v\u00e9djegy oszt\u00e1lyon.<\/p>\n<p>Adrienn a tanulm\u00e1nyait a P\u00e1zm\u00e1ny P\u00e9ter Katolikus Egyetem n\u00e9met nyelv \u00e9s irodalom, valamint m\u0171v\u00e9szett\u00f6rt\u00e9net szak\u00e1n v\u00e9gezte.<\/p>\n<p><span style=\"color: #a6192e;\"><strong>Nyelvtud\u00e1s:<\/strong><\/span><br \/>angol, n\u00e9met, francia<\/p>\n<p>[\/et_pb_text][\/et_pb_column_inner][\/et_pb_row_inner][\/et_pb_column][\/et_pb_section]<\/p>\n","protected":false},"excerpt":{"rendered":"<p>(+36 1) 411-8790m.adrienn@danubia.hu Milvich Adrienn paralegal v\u00e9djegykutat\u00e1si koordin\u00e1tor v\u00e9djegy \u00fcgyint\u00e9z\u0151 Milvich Adrienn a v\u00e9djegyoszt\u00e1ly \u00fcgyvezet\u0151je melletti adminisztr\u00e1ci\u00f3, \u00e9s a v\u00e9djegykutat\u00e1s koordin\u00e1l\u00e1sa mellett a v\u00e9djegyjog\u00e1szok napi \u00e9rdemi munk\u00e1j\u00e1ban vesz r\u00e9szt.M\u00e1r az egyetem elv\u00e9gz\u00e9se alatt dolgozott r\u00e9szmunkaid\u0151ben az irod\u00e1ban, majd 2003-t\u0151l teljes munkaid\u0151ben a szabadalmi \u00fcgyvitel ter\u00fclet\u00e9n, ahol \u00fcgyf\u00e9lkapcsolattal \u00e9s szabadalmi \u00e9vd\u00edjfizet\u00e9ssel foglalkozott. 2011-ben \u00e1llt munk\u00e1ba a [&hellip;]<\/p>\n","protected":false},"author":1,"featured_media":0,"parent":922,"menu_order":0,"comment_status":"closed","ping_status":"closed","template":"","meta":{"_et_pb_use_builder":"on","_et_pb_old_content":"","_et_gb_content_width":"","footnotes":""},"class_list":["post-1514","page","type-page","status-publish","hentry"],"yoast_head":"<!-- This site is optimized with the Yoast SEO plugin v27.3 - https:\/\/yoast.com\/product\/yoast-seo-wordpress\/ -->\n<title>Milvich Adrienn\u00a0- DANUBIA Szabadalmi \u00e9s Jogi Iroda<\/title>\n<meta name=\"description\" content=\"V\u00e9djegykutat\u00e1si koordin\u00e1tor, v\u00e9djegy \u00fcgyint\u00e9z\u0151. EU v\u00e9djegy, v\u00e9djegykutat\u00e1s, v\u00e9djegyeztet\u00e9s, nemzetk\u00f6zi v\u00e9djegy, v\u00e9djegybitorl\u00e1s, v\u00e9djegybejelent\u00e9s.\" \/>\n<meta name=\"robots\" content=\"index, follow, max-snippet:-1, max-image-preview:large, max-video-preview:-1\" \/>\n<link rel=\"canonical\" href=\"https:\/\/www.danubia.com\/hu\/munkatarsaink\/milvich-adrienn\/\" \/>\n<meta property=\"og:locale\" content=\"hu_HU\" \/>\n<meta property=\"og:type\" content=\"article\" \/>\n<meta property=\"og:title\" content=\"Milvich Adrienn\u00a0- DANUBIA Szabadalmi \u00e9s Jogi Iroda\" \/>\n<meta property=\"og:description\" content=\"V\u00e9djegykutat\u00e1si koordin\u00e1tor, v\u00e9djegy \u00fcgyint\u00e9z\u0151. EU v\u00e9djegy, v\u00e9djegykutat\u00e1s, v\u00e9djegyeztet\u00e9s, nemzetk\u00f6zi v\u00e9djegy, v\u00e9djegybitorl\u00e1s, v\u00e9djegybejelent\u00e9s.\" \/>\n<meta property=\"og:url\" content=\"https:\/\/www.danubia.com\/hu\/munkatarsaink\/milvich-adrienn\/\" \/>\n<meta property=\"og:site_name\" content=\"Danubia\" \/>\n<meta property=\"article:modified_time\" content=\"2020-02-05T15:17:10+00:00\" \/>\n<meta property=\"og:image\" content=\"https:\/\/www.danubia.com\/wp-content\/uploads\/2019\/11\/Danubia-og-hu.jpg\" \/>\n\t<meta property=\"og:image:width\" content=\"1125\" \/>\n\t<meta property=\"og:image:height\" content=\"633\" \/>\n\t<meta property=\"og:image:type\" content=\"image\/jpeg\" \/>\n<meta name=\"twitter:card\" content=\"summary_large_image\" \/>\n<meta name=\"twitter:label1\" content=\"Becs\u00fclt olvas\u00e1si id\u0151\" \/>\n\t<meta name=\"twitter:data1\" content=\"2 perc\" \/>\n<script type=\"application\/ld+json\" class=\"yoast-schema-graph\">{\"@context\":\"https:\\\/\\\/schema.org\",\"@graph\":[{\"@type\":\"WebPage\",\"@id\":\"https:\\\/\\\/www.danubia.com\\\/hu\\\/munkatarsaink\\\/milvich-adrienn\\\/\",\"url\":\"https:\\\/\\\/www.danubia.com\\\/hu\\\/munkatarsaink\\\/milvich-adrienn\\\/\",\"name\":\"Milvich Adrienn\u00a0- DANUBIA Szabadalmi \u00e9s Jogi Iroda\",\"isPartOf\":{\"@id\":\"https:\\\/\\\/www.danubia.com\\\/#website\"},\"datePublished\":\"2019-07-26T08:39:18+00:00\",\"dateModified\":\"2020-02-05T15:17:10+00:00\",\"description\":\"V\u00e9djegykutat\u00e1si koordin\u00e1tor, v\u00e9djegy \u00fcgyint\u00e9z\u0151. EU v\u00e9djegy, v\u00e9djegykutat\u00e1s, v\u00e9djegyeztet\u00e9s, nemzetk\u00f6zi v\u00e9djegy, v\u00e9djegybitorl\u00e1s, v\u00e9djegybejelent\u00e9s.\",\"breadcrumb\":{\"@id\":\"https:\\\/\\\/www.danubia.com\\\/hu\\\/munkatarsaink\\\/milvich-adrienn\\\/#breadcrumb\"},\"inLanguage\":\"hu\",\"potentialAction\":[{\"@type\":\"ReadAction\",\"target\":[\"https:\\\/\\\/www.danubia.com\\\/hu\\\/munkatarsaink\\\/milvich-adrienn\\\/\"]}]},{\"@type\":\"BreadcrumbList\",\"@id\":\"https:\\\/\\\/www.danubia.com\\\/hu\\\/munkatarsaink\\\/milvich-adrienn\\\/#breadcrumb\",\"itemListElement\":[{\"@type\":\"ListItem\",\"position\":1,\"name\":\"Home\",\"item\":\"https:\\\/\\\/www.danubia.com\\\/hu\\\/\"},{\"@type\":\"ListItem\",\"position\":2,\"name\":\"Munkat\u00e1rsaink\",\"item\":\"https:\\\/\\\/www.danubia.com\\\/hu\\\/munkatarsaink\\\/\"},{\"@type\":\"ListItem\",\"position\":3,\"name\":\"Milvich Adrienn\"}]},{\"@type\":\"WebSite\",\"@id\":\"https:\\\/\\\/www.danubia.com\\\/#website\",\"url\":\"https:\\\/\\\/www.danubia.com\\\/\",\"name\":\"Danubia\",\"description\":\"\",\"potentialAction\":[{\"@type\":\"SearchAction\",\"target\":{\"@type\":\"EntryPoint\",\"urlTemplate\":\"https:\\\/\\\/www.danubia.com\\\/?s={search_term_string}\"},\"query-input\":{\"@type\":\"PropertyValueSpecification\",\"valueRequired\":true,\"valueName\":\"search_term_string\"}}],\"inLanguage\":\"hu\"}]}<\/script>\n<!-- \/ Yoast SEO plugin. -->","yoast_head_json":{"title":"Milvich Adrienn\u00a0- DANUBIA Szabadalmi \u00e9s Jogi Iroda","description":"V\u00e9djegykutat\u00e1si koordin\u00e1tor, v\u00e9djegy \u00fcgyint\u00e9z\u0151. EU v\u00e9djegy, v\u00e9djegykutat\u00e1s, v\u00e9djegyeztet\u00e9s, nemzetk\u00f6zi v\u00e9djegy, v\u00e9djegybitorl\u00e1s, v\u00e9djegybejelent\u00e9s.","robots":{"index":"index","follow":"follow","max-snippet":"max-snippet:-1","max-image-preview":"max-image-preview:large","max-video-preview":"max-video-preview:-1"},"canonical":"https:\/\/www.danubia.com\/hu\/munkatarsaink\/milvich-adrienn\/","og_locale":"hu_HU","og_type":"article","og_title":"Milvich Adrienn\u00a0- DANUBIA Szabadalmi \u00e9s Jogi Iroda","og_description":"V\u00e9djegykutat\u00e1si koordin\u00e1tor, v\u00e9djegy \u00fcgyint\u00e9z\u0151. EU v\u00e9djegy, v\u00e9djegykutat\u00e1s, v\u00e9djegyeztet\u00e9s, nemzetk\u00f6zi v\u00e9djegy, v\u00e9djegybitorl\u00e1s, v\u00e9djegybejelent\u00e9s.","og_url":"https:\/\/www.danubia.com\/hu\/munkatarsaink\/milvich-adrienn\/","og_site_name":"Danubia","article_modified_time":"2020-02-05T15:17:10+00:00","og_image":[{"width":1125,"height":633,"url":"https:\/\/www.danubia.com\/wp-content\/uploads\/2019\/11\/Danubia-og-hu.jpg","type":"image\/jpeg"}],"twitter_card":"summary_large_image","twitter_misc":{"Becs\u00fclt olvas\u00e1si id\u0151":"2 perc"},"schema":{"@context":"https:\/\/schema.org","@graph":[{"@type":"WebPage","@id":"https:\/\/www.danubia.com\/hu\/munkatarsaink\/milvich-adrienn\/","url":"https:\/\/www.danubia.com\/hu\/munkatarsaink\/milvich-adrienn\/","name":"Milvich Adrienn\u00a0- DANUBIA Szabadalmi \u00e9s Jogi Iroda","isPartOf":{"@id":"https:\/\/www.danubia.com\/#website"},"datePublished":"2019-07-26T08:39:18+00:00","dateModified":"2020-02-05T15:17:10+00:00","description":"V\u00e9djegykutat\u00e1si koordin\u00e1tor, v\u00e9djegy \u00fcgyint\u00e9z\u0151. EU v\u00e9djegy, v\u00e9djegykutat\u00e1s, v\u00e9djegyeztet\u00e9s, nemzetk\u00f6zi v\u00e9djegy, v\u00e9djegybitorl\u00e1s, v\u00e9djegybejelent\u00e9s.","breadcrumb":{"@id":"https:\/\/www.danubia.com\/hu\/munkatarsaink\/milvich-adrienn\/#breadcrumb"},"inLanguage":"hu","potentialAction":[{"@type":"ReadAction","target":["https:\/\/www.danubia.com\/hu\/munkatarsaink\/milvich-adrienn\/"]}]},{"@type":"BreadcrumbList","@id":"https:\/\/www.danubia.com\/hu\/munkatarsaink\/milvich-adrienn\/#breadcrumb","itemListElement":[{"@type":"ListItem","position":1,"name":"Home","item":"https:\/\/www.danubia.com\/hu\/"},{"@type":"ListItem","position":2,"name":"Munkat\u00e1rsaink","item":"https:\/\/www.danubia.com\/hu\/munkatarsaink\/"},{"@type":"ListItem","position":3,"name":"Milvich Adrienn"}]},{"@type":"WebSite","@id":"https:\/\/www.danubia.com\/#website","url":"https:\/\/www.danubia.com\/","name":"Danubia","description":"","potentialAction":[{"@type":"SearchAction","target":{"@type":"EntryPoint","urlTemplate":"https:\/\/www.danubia.com\/?s={search_term_string}"},"query-input":{"@type":"PropertyValueSpecification","valueRequired":true,"valueName":"search_term_string"}}],"inLanguage":"hu"}]}},"_links":{"self":[{"href":"https:\/\/www.danubia.com\/hu\/wp-json\/wp\/v2\/pages\/1514","targetHints":{"allow":["GET"]}}],"collection":[{"href":"https:\/\/www.danubia.com\/hu\/wp-json\/wp\/v2\/pages"}],"about":[{"href":"https:\/\/www.danubia.com\/hu\/wp-json\/wp\/v2\/types\/page"}],"author":[{"embeddable":true,"href":"https:\/\/www.danubia.com\/hu\/wp-json\/wp\/v2\/users\/1"}],"replies":[{"embeddable":true,"href":"https:\/\/www.danubia.com\/hu\/wp-json\/wp\/v2\/comments?post=1514"}],"version-history":[{"count":5,"href":"https:\/\/www.danubia.com\/hu\/wp-json\/wp\/v2\/pages\/1514\/revisions"}],"predecessor-version":[{"id":3708,"href":"https:\/\/www.danubia.com\/hu\/wp-json\/wp\/v2\/pages\/1514\/revisions\/3708"}],"up":[{"embeddable":true,"href":"https:\/\/www.danubia.com\/hu\/wp-json\/wp\/v2\/pages\/922"}],"wp:attachment":[{"href":"https:\/\/www.danubia.com\/hu\/wp-json\/wp\/v2\/media?parent=1514"}],"curies":[{"name":"wp","href":"https:\/\/api.w.org\/{rel}","templated":true}]}}