{"id":1558,"date":"2019-07-27T05:35:55","date_gmt":"2019-07-27T05:35:55","guid":{"rendered":"https:\/\/www.danubia.com\/?page_id=1558"},"modified":"2025-10-07T12:15:20","modified_gmt":"2025-10-07T12:15:20","slug":"dr-szakacs-eszter","status":"publish","type":"page","link":"https:\/\/www.danubia.com\/hu\/munkatarsaink\/dr-szakacs-eszter\/","title":{"rendered":"Dr. Szak\u00e1cs Eszter"},"content":{"rendered":"<p>[et_pb_section fb_built=&#8221;1&#8243; specialty=&#8221;on&#8221; _builder_version=&#8221;4.16&#8243; inner_max_width=&#8221;none&#8221; global_colors_info=&#8221;{}&#8221;][et_pb_column type=&#8221;1_4&#8243; _builder_version=&#8221;4.16&#8243; custom_padding=&#8221;|||&#8221; global_colors_info=&#8221;{}&#8221; custom_padding__hover=&#8221;|||&#8221;][et_pb_image src=&#8221;https:\/\/www.danubia.com\/wp-content\/uploads\/2025\/10\/Szakacs-Eszter.jpg&#8221; align_tablet=&#8221;center&#8221; align_phone=&#8221;&#8221; align_last_edited=&#8221;on|desktop&#8221; _builder_version=&#8221;4.27.4&#8243; custom_margin=&#8221;||0px|&#8221; custom_padding=&#8221;||15px|&#8221; animation_style=&#8221;fade&#8221; hover_enabled=&#8221;0&#8243; z_index_tablet=&#8221;500&#8243; global_colors_info=&#8221;{}&#8221; title_text=&#8221;Szakacs-Eszter&#8221; sticky_enabled=&#8221;0&#8243;][\/et_pb_image][et_pb_text _builder_version=&#8221;4.16&#8243; text_font_size=&#8221;14px&#8221; custom_margin=&#8221;||0px|&#8221; custom_padding=&#8221;||15px|&#8221; z_index_tablet=&#8221;500&#8243; global_colors_info=&#8221;{}&#8221;]<\/p>\n<p><strong>(+36 1) 411-8875<\/strong><br \/><strong><a href=\"mailto:office@danubialegal.hu\">office@danubialegal.hu<\/a><\/strong><br \/><strong><a href=\"mailto:eszter.szakacs@danubialegal.hu\">eszter.szakacs@danubialegal.hu<\/a><\/strong><\/p>\n<p>[\/et_pb_text][et_pb_image src=&#8221;https:\/\/www.danubia.com\/wp-content\/uploads\/2020\/01\/LinkedIn-logo.png&#8221; url=&#8221;https:\/\/www.linkedin.com\/in\/eszterszakacs\/&#8221; url_new_window=&#8221;on&#8221; admin_label=&#8221;LinkedIn&#8221; _builder_version=&#8221;4.16&#8243; max_width=&#8221;30px&#8221; module_alignment=&#8221;left&#8221; global_colors_info=&#8221;{}&#8221;][\/et_pb_image][\/et_pb_column][et_pb_column type=&#8221;3_4&#8243; specialty_columns=&#8221;3&#8243; _builder_version=&#8221;4.16&#8243; custom_padding=&#8221;|||&#8221; global_colors_info=&#8221;{}&#8221; custom_padding__hover=&#8221;|||&#8221;][et_pb_row_inner admin_label=&#8221;Sor&#8221; _builder_version=&#8221;4.16&#8243; global_colors_info=&#8221;{}&#8221;][et_pb_column_inner saved_specialty_column_type=&#8221;3_4&#8243; _builder_version=&#8221;4.16&#8243; custom_padding=&#8221;|||&#8221; global_colors_info=&#8221;{}&#8221; custom_padding__hover=&#8221;|||&#8221;][et_pb_text admin_label=&#8221;N\u00e9v&#8221; _builder_version=&#8221;4.16&#8243; text_font=&#8221;Raleway|700||on|||||&#8221; text_text_color=&#8221;#a6192e&#8221; text_font_size=&#8221;36px&#8221; header_font=&#8221;Raleway|700||on|||||&#8221; header_text_align=&#8221;center&#8221; header_text_color=&#8221;#ffffff&#8221; header_font_size=&#8221;50px&#8221; header_line_height=&#8221;1.4em&#8221; custom_margin=&#8221;||0px|&#8221; custom_padding=&#8221;||15px|&#8221; text_font_size_tablet=&#8221;30px&#8221; text_font_size_phone=&#8221;22px&#8221; text_font_size_last_edited=&#8221;on|desktop&#8221; header_font_size_tablet=&#8221;30px&#8221; header_font_size_phone=&#8221;22px&#8221; header_font_size_last_edited=&#8221;on|desktop&#8221; z_index_tablet=&#8221;500&#8243; global_colors_info=&#8221;{}&#8221;]<\/p>\n<p>Dr. Szak\u00e1cs Eszter<\/p>\n<p>[\/et_pb_text][et_pb_text admin_label=&#8221;poz\u00edci\u00f3&#8221; _builder_version=&#8221;4.16&#8243; text_font=&#8221;Raleway|700|||||||&#8221; text_text_color=&#8221;#63666a&#8221; text_font_size=&#8221;18px&#8221; custom_margin=&#8221;||0px|&#8221; custom_padding=&#8221;||10px|&#8221; text_font_size_tablet=&#8221;20px&#8221; text_font_size_phone=&#8221;&#8221; text_font_size_last_edited=&#8221;on|desktop&#8221; z_index_tablet=&#8221;500&#8243; global_colors_info=&#8221;{}&#8221;]<\/p>\n<p>\u00fcgyv\u00e9d<br \/>partner<\/p>\n<p>[\/et_pb_text][et_pb_divider divider_position=&#8221;center&#8221; divider_weight=&#8221;3&#8243; _builder_version=&#8221;4.16&#8243; max_width=&#8221;50px&#8221; module_alignment=&#8221;left&#8221; height=&#8221;0px&#8221; animation_style=&#8221;zoom&#8221; z_index_tablet=&#8221;500&#8243; global_colors_info=&#8221;{}&#8221;][\/et_pb_divider][et_pb_text admin_label=&#8221;Le\u00edr\u00e1s&#8221; _builder_version=&#8221;4.16&#8243; text_orientation=&#8221;justified&#8221; z_index_tablet=&#8221;500&#8243; global_colors_info=&#8221;{}&#8221;]<\/p>\n<p>Dr. Szak\u00e1cs Eszter f\u0151 szakter\u00fclete a szabadalmi jog. Jelent\u0151s multinacion\u00e1lis c\u00e9gek, valamint innovat\u00edv kkv-k k\u00e9pviselet\u00e9t l\u00e1tja el gy\u00f3gyszer-, gy\u00f3gy\u00e1szati seg\u00e9deszk\u00f6z \u00e9s egy\u00e9b ipar\u00e1gakban, szabadalombitorl\u00e1si perekben \u00e9s megsemmis\u00edt\u00e9si elj\u00e1r\u00e1sokban csak\u00fagy, mint licensz-szerz\u0151d\u00e9sekkel \u00e9s feltal\u00e1l\u00f3i d\u00edjaz\u00e1ssal, illetve \u00e1truh\u00e1z\u00e1ssal, jogosults\u00e1ggal kapcsolatos jogvit\u00e1kban. T\u00f6bb \u00fcgyben l\u00e1tott el k\u00e9pviseletet az Eur\u00f3pai Uni\u00f3 B\u00edr\u00f3s\u00e1ga el\u0151tti el\u0151zetes d\u00f6nt\u00e9shozatali elj\u00e1r\u00e1sban is. Szakter\u00fcletei k\u00f6z\u00e9 tartozik a szabadalmi jog mellett a gy\u00f3gyszerszab\u00e1lyoz\u00e1s, gy\u00f3gyszerhat\u00f3s\u00e1gi elj\u00e1r\u00e1sok \u00e9s az \u00e9lettudom\u00e1nyok joga, a kieg\u00e9sz\u00edt\u0151 oltalmi tan\u00fas\u00edtv\u00e1nyok oltalma, a technol\u00f3gia transzfer \u00e9s \u00fczleti titokv\u00e9delem, tov\u00e1bb\u00e1 a versenyjog. A peres elj\u00e1r\u00e1sok mellett szakter\u00fcletein licenc, \u00e1truh\u00e1z\u00e1si \u00e9s egy\u00e9b szerz\u0151d\u00e9sek elk\u00e9sz\u00edt\u00e9s\u00e9ben, jogi tan\u00e1csad\u00e1sban is tapasztalattal rendelkezik.<br \/>Rendszeresen publik\u00e1l els\u0151sorban szabadalmi jogi t\u00e9m\u00e1kban nemzetk\u00f6zi szakmai oldalakon, kiadv\u00e1nyokban (Kluwer Patent Blog, Les Nouvelles,) \u00e9s tart el\u0151ad\u00e1st konferenci\u00e1kon, tov\u00e1bb\u00e1 az EPLAW Patent Blog szerkeszt\u0151s\u00e9g\u00e9nek tagja.<br \/>2019 \u00f3ta a Danubia Legal Partnere \u00e9s egyik irodavezet\u0151je.<br \/>Kor\u00e1bban 2012-2018 k\u00f6z\u00f6tt a S\u00e1r \u00e9s T\u00e1rsai \u00dcgyv\u00e9di Iroda partnere, ezt megel\u0151z\u0151en alkalmazott \u00fcgyv\u00e9dje volt.<\/p>\n<p>Eszter 2004-ben summa cum laude min\u0151s\u00edt\u00e9ssel diplom\u00e1zott az E\u00f6tv\u00f6s Lor\u00e1nd Tudom\u00e1nyegyetem \u00c1llam- \u00e9s Jogtudom\u00e1nyi Kar\u00e1n. Tanulm\u00e1nyai sor\u00e1n f\u00e9l \u00e9vet t\u00f6lt\u00f6tt a b\u00e9csi Universit\u00e4t Wien jogi kar\u00e1nak hallgat\u00f3jak\u00e9nt.<\/p>\n<p>Dr. Szak\u00e1cs Eszter szakmai elismer\u00e9sei, d\u00edjai a k\u00f6vetkez\u0151ek:<br \/><span style=\"color: #a6192e;\">\u00bb<\/span> WIPR Leaders, 2019<br \/><span style=\"color: #a6192e;\">\u00bb<\/span> MIP Top 250 Women in IP, 2017, 2018<br \/><span style=\"color: #a6192e;\">\u00bb<\/span> IAM Patents 1000, 2019<br \/><span style=\"color: #a6192e;\">\u00bb<\/span> IP Stars \u2013 Patent Star, 2018<br \/><span style=\"color: #a6192e;\">\u00bb<\/span> Who\u2019s Who Legal \u2013 Life Sicences Patent Litigation, Patents (Lawyers), 2019<\/p>\n<p><span style=\"color: #a6192e;\"><strong>Nyelvtud\u00e1s:<\/strong><\/span><br \/>angol, n\u00e9met<\/p>\n<p>[\/et_pb_text][\/et_pb_column_inner][\/et_pb_row_inner][et_pb_row_inner column_structure=&#8221;1_2,1_2&#8243; admin_label=&#8221;Sor&#8221; _builder_version=&#8221;4.16&#8243; global_colors_info=&#8221;{}&#8221;][et_pb_column_inner type=&#8221;1_2&#8243; saved_specialty_column_type=&#8221;3_4&#8243; _builder_version=&#8221;4.16&#8243; custom_padding=&#8221;|||&#8221; global_colors_info=&#8221;{}&#8221; custom_padding__hover=&#8221;|||&#8221;][et_pb_text admin_label=&#8221;Szakmai tags\u00e1gok&#8221; _builder_version=&#8221;4.16&#8243; text_font=&#8221;Raleway|700|||||||&#8221; text_text_color=&#8221;#a6192e&#8221; z_index_tablet=&#8221;500&#8243; global_colors_info=&#8221;{}&#8221;]<\/p>\n<p>Szakmai tags\u00e1gok<\/p>\n<p>[\/et_pb_text][et_pb_text admin_label=&#8221;Szakmai tags\u00e1gok felsorol\u00e1s&#8221; _builder_version=&#8221;4.16&#8243; z_index_tablet=&#8221;500&#8243; global_colors_info=&#8221;{}&#8221;]<\/p>\n<p><span style=\"color: #a6192e;\">\u00bb<\/span> Budapesti \u00dcgyv\u00e9di Kamara<br \/><span style=\"color: #a6192e;\">\u00bb<\/span> Magyar Iparjogv\u00e9delmi Egyes\u00fclet<br \/><span style=\"color: #a6192e;\">\u00bb<\/span> Versenyjogi Egyes\u00fclet<br \/><span style=\"color: #a6192e;\">\u00bb<\/span> European Patent Lawyers Association (EPLAW) igazgat\u00f3s\u00e1gi tagja, titk\u00e1ra<br \/><span style=\"color: #a6192e;\">\u00bb<\/span> Licensing Executives Society Intarnational (LESI) t\u00f6bb bizotts\u00e1g\u00e1ban (European, Pharmaceutical, Young Members) aktiv szerepet v\u00e1llal<br \/><span style=\"color: #a6192e;\">\u00bb<\/span> AIPPI<br \/><span style=\"color: #a6192e;\">\u00bb<\/span> LIDC<\/p>\n<p>[\/et_pb_text][\/et_pb_column_inner][et_pb_column_inner type=&#8221;1_2&#8243; saved_specialty_column_type=&#8221;3_4&#8243; _builder_version=&#8221;4.16&#8243; custom_padding=&#8221;|||&#8221; global_colors_info=&#8221;{}&#8221; custom_padding__hover=&#8221;|||&#8221;][et_pb_text admin_label=&#8221;F\u0151bb szakter\u00fcletek&#8221; _builder_version=&#8221;4.16&#8243; text_font=&#8221;Raleway|700|||||||&#8221; text_text_color=&#8221;#a6192e&#8221; z_index_tablet=&#8221;500&#8243; global_colors_info=&#8221;{}&#8221;]<\/p>\n<p>F\u0151bb szakter\u00fcletek<\/p>\n<p>[\/et_pb_text][et_pb_text admin_label=&#8221;F\u0151bb szakter\u00fcletek felsorol\u00e1s&#8221; _builder_version=&#8221;4.16&#8243; z_index_tablet=&#8221;500&#8243; global_colors_info=&#8221;{}&#8221;]<\/p>\n<p><span style=\"color: #a6192e;\">\u00bb<\/span> szabadalmi jog, versenyjog, gy\u00f3gyszerigazgat\u00e1si jog, szerz\u0151d\u00e9sek joga<\/p>\n<p>[\/et_pb_text][\/et_pb_column_inner][\/et_pb_row_inner][\/et_pb_column][\/et_pb_section]<\/p>\n","protected":false},"excerpt":{"rendered":"<p>(+36 1) 411-8875office@danubialegal.hueszter.szakacs@danubialegal.hu Dr. Szak\u00e1cs Eszter \u00fcgyv\u00e9dpartner Dr. Szak\u00e1cs Eszter f\u0151 szakter\u00fclete a szabadalmi jog. Jelent\u0151s multinacion\u00e1lis c\u00e9gek, valamint innovat\u00edv kkv-k k\u00e9pviselet\u00e9t l\u00e1tja el gy\u00f3gyszer-, gy\u00f3gy\u00e1szati seg\u00e9deszk\u00f6z \u00e9s egy\u00e9b ipar\u00e1gakban, szabadalombitorl\u00e1si perekben \u00e9s megsemmis\u00edt\u00e9si elj\u00e1r\u00e1sokban csak\u00fagy, mint licensz-szerz\u0151d\u00e9sekkel \u00e9s feltal\u00e1l\u00f3i d\u00edjaz\u00e1ssal, illetve \u00e1truh\u00e1z\u00e1ssal, jogosults\u00e1ggal kapcsolatos jogvit\u00e1kban. T\u00f6bb \u00fcgyben l\u00e1tott el k\u00e9pviseletet az Eur\u00f3pai Uni\u00f3 B\u00edr\u00f3s\u00e1ga [&hellip;]<\/p>\n","protected":false},"author":1,"featured_media":0,"parent":922,"menu_order":0,"comment_status":"closed","ping_status":"closed","template":"","meta":{"_et_pb_use_builder":"on","_et_pb_old_content":"","_et_gb_content_width":"","footnotes":""},"class_list":["post-1558","page","type-page","status-publish","hentry"],"yoast_head":"<!-- This site is optimized with the Yoast SEO plugin v27.3 - https:\/\/yoast.com\/product\/yoast-seo-wordpress\/ -->\n<title>Dr. Szak\u00e1cs Eszter\u00a0- \u00fcgyv\u00e9d - DANUBIA LEGAL<\/title>\n<meta name=\"description\" content=\"Szabadalmi jog, szabadalombitorl\u00e1si perek, licencszerz\u0151d\u00e9s, gy\u00f3gyszerszab\u00e1lyoz\u00e1s, gy\u00f3gyszerhat\u00f3s\u00e1gi elj\u00e1r\u00e1sok, technol\u00f3gia transzfer, versenyjog.\" \/>\n<meta name=\"robots\" content=\"index, follow, max-snippet:-1, max-image-preview:large, max-video-preview:-1\" \/>\n<link rel=\"canonical\" href=\"https:\/\/www.danubia.com\/hu\/munkatarsaink\/dr-szakacs-eszter\/\" \/>\n<meta property=\"og:locale\" content=\"hu_HU\" \/>\n<meta property=\"og:type\" content=\"article\" \/>\n<meta property=\"og:title\" content=\"Dr. Szak\u00e1cs Eszter\u00a0- \u00fcgyv\u00e9d - DANUBIA LEGAL\" \/>\n<meta property=\"og:description\" content=\"Szabadalmi jog, szabadalombitorl\u00e1si perek, licencszerz\u0151d\u00e9s, gy\u00f3gyszerszab\u00e1lyoz\u00e1s, gy\u00f3gyszerhat\u00f3s\u00e1gi elj\u00e1r\u00e1sok, technol\u00f3gia transzfer, versenyjog.\" \/>\n<meta property=\"og:url\" content=\"https:\/\/www.danubia.com\/hu\/munkatarsaink\/dr-szakacs-eszter\/\" \/>\n<meta property=\"og:site_name\" content=\"Danubia\" \/>\n<meta property=\"article:modified_time\" content=\"2025-10-07T12:15:20+00:00\" \/>\n<meta property=\"og:image\" content=\"https:\/\/www.danubia.com\/wp-content\/uploads\/2019\/11\/Danubia-og-hu.jpg\" \/>\n\t<meta property=\"og:image:width\" content=\"1125\" \/>\n\t<meta property=\"og:image:height\" content=\"633\" \/>\n\t<meta property=\"og:image:type\" content=\"image\/jpeg\" \/>\n<meta name=\"twitter:card\" content=\"summary_large_image\" \/>\n<meta name=\"twitter:label1\" content=\"Becs\u00fclt olvas\u00e1si id\u0151\" \/>\n\t<meta name=\"twitter:data1\" content=\"5 perc\" \/>\n<script type=\"application\/ld+json\" class=\"yoast-schema-graph\">{\"@context\":\"https:\\\/\\\/schema.org\",\"@graph\":[{\"@type\":\"WebPage\",\"@id\":\"https:\\\/\\\/www.danubia.com\\\/hu\\\/munkatarsaink\\\/dr-szakacs-eszter\\\/\",\"url\":\"https:\\\/\\\/www.danubia.com\\\/hu\\\/munkatarsaink\\\/dr-szakacs-eszter\\\/\",\"name\":\"Dr. Szak\u00e1cs Eszter\u00a0- \u00fcgyv\u00e9d - DANUBIA LEGAL\",\"isPartOf\":{\"@id\":\"https:\\\/\\\/www.danubia.com\\\/#website\"},\"datePublished\":\"2019-07-27T05:35:55+00:00\",\"dateModified\":\"2025-10-07T12:15:20+00:00\",\"description\":\"Szabadalmi jog, szabadalombitorl\u00e1si perek, licencszerz\u0151d\u00e9s, gy\u00f3gyszerszab\u00e1lyoz\u00e1s, gy\u00f3gyszerhat\u00f3s\u00e1gi elj\u00e1r\u00e1sok, technol\u00f3gia transzfer, versenyjog.\",\"breadcrumb\":{\"@id\":\"https:\\\/\\\/www.danubia.com\\\/hu\\\/munkatarsaink\\\/dr-szakacs-eszter\\\/#breadcrumb\"},\"inLanguage\":\"hu\",\"potentialAction\":[{\"@type\":\"ReadAction\",\"target\":[\"https:\\\/\\\/www.danubia.com\\\/hu\\\/munkatarsaink\\\/dr-szakacs-eszter\\\/\"]}]},{\"@type\":\"BreadcrumbList\",\"@id\":\"https:\\\/\\\/www.danubia.com\\\/hu\\\/munkatarsaink\\\/dr-szakacs-eszter\\\/#breadcrumb\",\"itemListElement\":[{\"@type\":\"ListItem\",\"position\":1,\"name\":\"Home\",\"item\":\"https:\\\/\\\/www.danubia.com\\\/hu\\\/\"},{\"@type\":\"ListItem\",\"position\":2,\"name\":\"Munkat\u00e1rsaink\",\"item\":\"https:\\\/\\\/www.danubia.com\\\/hu\\\/munkatarsaink\\\/\"},{\"@type\":\"ListItem\",\"position\":3,\"name\":\"Dr. Szak\u00e1cs Eszter\"}]},{\"@type\":\"WebSite\",\"@id\":\"https:\\\/\\\/www.danubia.com\\\/#website\",\"url\":\"https:\\\/\\\/www.danubia.com\\\/\",\"name\":\"Danubia\",\"description\":\"\",\"potentialAction\":[{\"@type\":\"SearchAction\",\"target\":{\"@type\":\"EntryPoint\",\"urlTemplate\":\"https:\\\/\\\/www.danubia.com\\\/?s={search_term_string}\"},\"query-input\":{\"@type\":\"PropertyValueSpecification\",\"valueRequired\":true,\"valueName\":\"search_term_string\"}}],\"inLanguage\":\"hu\"}]}<\/script>\n<!-- \/ Yoast SEO plugin. -->","yoast_head_json":{"title":"Dr. Szak\u00e1cs Eszter\u00a0- \u00fcgyv\u00e9d - DANUBIA LEGAL","description":"Szabadalmi jog, szabadalombitorl\u00e1si perek, licencszerz\u0151d\u00e9s, gy\u00f3gyszerszab\u00e1lyoz\u00e1s, gy\u00f3gyszerhat\u00f3s\u00e1gi elj\u00e1r\u00e1sok, technol\u00f3gia transzfer, versenyjog.","robots":{"index":"index","follow":"follow","max-snippet":"max-snippet:-1","max-image-preview":"max-image-preview:large","max-video-preview":"max-video-preview:-1"},"canonical":"https:\/\/www.danubia.com\/hu\/munkatarsaink\/dr-szakacs-eszter\/","og_locale":"hu_HU","og_type":"article","og_title":"Dr. Szak\u00e1cs Eszter\u00a0- \u00fcgyv\u00e9d - DANUBIA LEGAL","og_description":"Szabadalmi jog, szabadalombitorl\u00e1si perek, licencszerz\u0151d\u00e9s, gy\u00f3gyszerszab\u00e1lyoz\u00e1s, gy\u00f3gyszerhat\u00f3s\u00e1gi elj\u00e1r\u00e1sok, technol\u00f3gia transzfer, versenyjog.","og_url":"https:\/\/www.danubia.com\/hu\/munkatarsaink\/dr-szakacs-eszter\/","og_site_name":"Danubia","article_modified_time":"2025-10-07T12:15:20+00:00","og_image":[{"width":1125,"height":633,"url":"https:\/\/www.danubia.com\/wp-content\/uploads\/2019\/11\/Danubia-og-hu.jpg","type":"image\/jpeg"}],"twitter_card":"summary_large_image","twitter_misc":{"Becs\u00fclt olvas\u00e1si id\u0151":"5 perc"},"schema":{"@context":"https:\/\/schema.org","@graph":[{"@type":"WebPage","@id":"https:\/\/www.danubia.com\/hu\/munkatarsaink\/dr-szakacs-eszter\/","url":"https:\/\/www.danubia.com\/hu\/munkatarsaink\/dr-szakacs-eszter\/","name":"Dr. Szak\u00e1cs Eszter\u00a0- \u00fcgyv\u00e9d - DANUBIA LEGAL","isPartOf":{"@id":"https:\/\/www.danubia.com\/#website"},"datePublished":"2019-07-27T05:35:55+00:00","dateModified":"2025-10-07T12:15:20+00:00","description":"Szabadalmi jog, szabadalombitorl\u00e1si perek, licencszerz\u0151d\u00e9s, gy\u00f3gyszerszab\u00e1lyoz\u00e1s, gy\u00f3gyszerhat\u00f3s\u00e1gi elj\u00e1r\u00e1sok, technol\u00f3gia transzfer, versenyjog.","breadcrumb":{"@id":"https:\/\/www.danubia.com\/hu\/munkatarsaink\/dr-szakacs-eszter\/#breadcrumb"},"inLanguage":"hu","potentialAction":[{"@type":"ReadAction","target":["https:\/\/www.danubia.com\/hu\/munkatarsaink\/dr-szakacs-eszter\/"]}]},{"@type":"BreadcrumbList","@id":"https:\/\/www.danubia.com\/hu\/munkatarsaink\/dr-szakacs-eszter\/#breadcrumb","itemListElement":[{"@type":"ListItem","position":1,"name":"Home","item":"https:\/\/www.danubia.com\/hu\/"},{"@type":"ListItem","position":2,"name":"Munkat\u00e1rsaink","item":"https:\/\/www.danubia.com\/hu\/munkatarsaink\/"},{"@type":"ListItem","position":3,"name":"Dr. Szak\u00e1cs Eszter"}]},{"@type":"WebSite","@id":"https:\/\/www.danubia.com\/#website","url":"https:\/\/www.danubia.com\/","name":"Danubia","description":"","potentialAction":[{"@type":"SearchAction","target":{"@type":"EntryPoint","urlTemplate":"https:\/\/www.danubia.com\/?s={search_term_string}"},"query-input":{"@type":"PropertyValueSpecification","valueRequired":true,"valueName":"search_term_string"}}],"inLanguage":"hu"}]}},"_links":{"self":[{"href":"https:\/\/www.danubia.com\/hu\/wp-json\/wp\/v2\/pages\/1558","targetHints":{"allow":["GET"]}}],"collection":[{"href":"https:\/\/www.danubia.com\/hu\/wp-json\/wp\/v2\/pages"}],"about":[{"href":"https:\/\/www.danubia.com\/hu\/wp-json\/wp\/v2\/types\/page"}],"author":[{"embeddable":true,"href":"https:\/\/www.danubia.com\/hu\/wp-json\/wp\/v2\/users\/1"}],"replies":[{"embeddable":true,"href":"https:\/\/www.danubia.com\/hu\/wp-json\/wp\/v2\/comments?post=1558"}],"version-history":[{"count":7,"href":"https:\/\/www.danubia.com\/hu\/wp-json\/wp\/v2\/pages\/1558\/revisions"}],"predecessor-version":[{"id":11869,"href":"https:\/\/www.danubia.com\/hu\/wp-json\/wp\/v2\/pages\/1558\/revisions\/11869"}],"up":[{"embeddable":true,"href":"https:\/\/www.danubia.com\/hu\/wp-json\/wp\/v2\/pages\/922"}],"wp:attachment":[{"href":"https:\/\/www.danubia.com\/hu\/wp-json\/wp\/v2\/media?parent=1558"}],"curies":[{"name":"wp","href":"https:\/\/api.w.org\/{rel}","templated":true}]}}